{"id":3227,"date":"2025-06-16T15:26:44","date_gmt":"2025-06-16T13:26:44","guid":{"rendered":"https:\/\/eyeofthewind.net\/?page_id=3227"},"modified":"2025-09-18T08:54:46","modified_gmt":"2025-09-18T06:54:46","slug":"thank-you-for-your-non-binding-reservation","status":"publish","type":"page","link":"https:\/\/eyeofthewind.net\/en\/danke-fuer-ihre-unverbindliche-reservierung\/","title":{"rendered":"Thank you for your non-binding reservation"},"content":{"rendered":"<div class=\"gb-container gb-container-73abb8f6\">\n<div class=\"gb-container gb-container-3ff98c55 webo-ol\">\n\n<figure class=\"gb-block-image gb-block-image-348e9673\"><img decoding=\"async\" class=\"gb-image gb-image-348e9673\" src=\"https:\/\/eyeofthewind.net\/wp-content\/uploads\/2024\/10\/L_Eye_weiss.svg\" alt=\"\" title=\"L_Eye_white\"\/><\/figure>\n\n\n\n<h2 class=\"wp-block-heading has-text-align-center has-palette-color-8-color has-text-color has-link-color wp-elements-b50cdacc2c86bf2efabe4b1b7c376d38\">Ahoy! Thank you for your sailing trip enquiry<\/h2>\n\n\n\n<p class=\"has-text-align-center\">We will process your request as quickly as possible and get back to you shortly.<\/p>\n\n\n\n<p class=\"has-text-align-center\">Daily news about the ship, our crew, special travel offers and much more<br>you will find <a href=\"https:\/\/www.facebook.com\/eyeofthewind1911\/\" target=\"_blank\" rel=\"noreferrer noopener\">on our Facebook page<\/a>.<\/p>\n\n\n\n<p class=\"has-text-align-center has-palette-color-8-color has-text-color has-link-color wp-elements-4ba2e0aa0edf2cd25d542aca45ea04e8\">Your Eye of the Wind team<\/p>\n\n\n\n<a class=\"gb-button gb-button-371ac15d gb-button-text webo-btn webo-internal-link\" href=\"\/en\/\">Back to the homepage<\/a>\n\n<\/div>\n<\/div>\n\n\n<div style=\"height:100px\" aria-hidden=\"true\" class=\"wp-block-spacer\"><\/div>\n\n\n<div class=\"gb-container gb-container-2b66d7f5\">\n\n<div class=\"wp-block-group is-layout-constrained wp-block-group-is-layout-constrained\"><div class=\"gb-grid-wrapper gb-grid-wrapper-bcaae4c5\">\n<div class=\"gb-grid-column gb-grid-column-1e7d1b74\"><div class=\"gb-container gb-container-1e7d1b74\">\n<div class=\"gb-container gb-container-6beb9f05\">\n\n<h3 class=\"gb-headline gb-headline-5fedc63c gb-headline-text\"><br><\/h3>\n\n\n\n<a class=\"gb-button gb-button-3e16f6d4 gb-button-text webo-btn webo-internal-link\" href=\"\/en\/cruise\/sailingplan\/\">Sailing Plan<\/a>\n\n<\/div>\n<\/div><\/div>\n\n<div class=\"gb-grid-column gb-grid-column-64148f3a\"><div class=\"gb-container gb-container-64148f3a\">\n<div class=\"gb-container gb-container-990e63b6\">\n\n<h3 class=\"gb-headline gb-headline-a02da906 gb-headline-text\"><br><\/h3>\n\n\n\n<a class=\"gb-button gb-button-16f7fa7b gb-button-text webo-btn webo-internal-link\" href=\"\/en\/shop\/\">Shop<\/a>\n\n<\/div>\n<\/div><\/div>\n\n<div class=\"gb-grid-column gb-grid-column-b174cb7e\"><div class=\"gb-container gb-container-b174cb7e\">\n<div class=\"gb-container gb-container-1a58858e\">\n\n<h3 class=\"gb-headline gb-headline-5ee56a0f gb-headline-text\"><br><\/h3>\n\n\n\n<a class=\"gb-button gb-button-ae286490 gb-button-text webo-btn webo-internal-link\" href=\"\/en\/blog\/\">Blog<\/a>\n\n<\/div>\n<\/div><\/div>\n\n<div class=\"gb-grid-column gb-grid-column-0bdb1152\"><div class=\"gb-container gb-container-0bdb1152\">\n<div class=\"gb-container gb-container-8a03d631\">\n\n<h3 class=\"gb-headline gb-headline-3833331b gb-headline-text\"><br><\/h3>\n\n\n\n<a class=\"gb-button gb-button-7cd4eee1 gb-button-text webo-btn webo-internal-link\" href=\"\/en\/current\/\">News<\/a>\n\n<\/div>\n<\/div><\/div>\n<\/div><\/div>\n\n\n\n<div style=\"height:100px\" aria-hidden=\"true\" class=\"wp-block-spacer\"><\/div>\n\n<\/div>","protected":false},"excerpt":{"rendered":"<p>Ahoy! Thank you for your sailing trip enquiry. We will process your enquiry as quickly as possible and get back to you shortly. You can find the latest news about the ship, our crew, special travel offers and much more on our Facebook page. Your Eye of the Wind team<\/p>","protected":false},"author":1,"featured_media":0,"parent":0,"menu_order":0,"comment_status":"closed","ping_status":"closed","template":"","meta":{"_acf_changed":false,"_vp_format_video_url":"","_vp_image_focal_point":[],"footnotes":""},"class_list":["post-3227","page","type-page","status-publish","hentry"],"blocksy_meta":{"has_hero_section":"disabled","vertical_spacing_source":"custom","content_area_spacing":"none","disable_header":"yes","disable_footer":"yes","background":{"background_type":"image","background_pattern":"type-1","background_image":{"attachment_id":3463,"x":0,"y":0,"url":"https:\/\/eyeofthewind.net\/wp-content\/uploads\/2025\/07\/IMG_1331-b-800x557.jpg"},"gradient":"linear-gradient(135deg,rgba(6,147,227,1) 0%,rgb(155,81,224) 100%)","background_repeat":"no-repeat","background_size":"cover","background_attachment":"scroll","patternColor":{"default":{"color":"#e5e7ea"}},"overlayColor":{"default":{"color":"rgba(25, 42, 61, 0.24)"}},"backgroundColor":{"default":{"color":"rgba(25, 42, 61, 0.57)"}}},"styles_descriptor":{"styles":{"desktop":"[data-prefix=\"single_page\"] {background-position:0% 0%;background-size:cover;background-repeat:no-repeat;background-color:rgba(25, 42, 61, 0.57);background-image:linear-gradient(rgba(25, 42, 61, 0.24), rgba(25, 42, 61, 0.24)), url(https:\/\/eyeofthewind.net\/wp-content\/uploads\/2025\/07\/IMG_1331-b.jpg);}","tablet":"","mobile":""},"google_fonts":[],"version":6}},"acf":[],"yoast_head":"<!-- This site is optimized with the Yoast SEO plugin v27.4 - https:\/\/yoast.com\/product\/yoast-seo-wordpress\/ -->\n<title>Danke f\u00fcr Ihre unverbindliche Reservierung - Segelschiff Charter &amp; Reisen - Eye of the Wind<\/title>\n<meta name=\"robots\" content=\"index, follow, max-snippet:-1, max-image-preview:large, max-video-preview:-1\" \/>\n<link rel=\"canonical\" href=\"https:\/\/eyeofthewind.net\/en\/thank-you-for-your-non-binding-reservation\/\" \/>\n<meta property=\"og:locale\" content=\"en_GB\" \/>\n<meta property=\"og:type\" content=\"article\" \/>\n<meta property=\"og:title\" content=\"Danke f\u00fcr Ihre unverbindliche Reservierung - Segelschiff Charter &amp; Reisen - Eye of the Wind\" \/>\n<meta property=\"og:description\" content=\"Ahoi! Vielen Dank f\u00fcr Ihre Segelt\u00f6rn-Anfrage Wir bearbeiten Ihr Anliegen schnellstm\u00f6glich und melden uns in K\u00fcrze bei Ihnen. Tagesaktuelle Neuigkeiten \u00fcber das Schiff, unsere Crew, besondere Reise-Angebote und vieles mehrfinden Sie auf unserer Facebook-Seite. Ihr Team der Eye of the Wind\" \/>\n<meta property=\"og:url\" content=\"https:\/\/eyeofthewind.net\/en\/thank-you-for-your-non-binding-reservation\/\" \/>\n<meta property=\"og:site_name\" content=\"Segelschiff Charter &amp; Reisen - Eye of the Wind\" \/>\n<meta property=\"article:modified_time\" content=\"2025-09-18T06:54:46+00:00\" \/>\n<meta property=\"og:image\" content=\"https:\/\/eyeofthewind.net\/wp-content\/uploads\/2024\/10\/L_Eye_weiss.svg\" \/>\n<meta name=\"twitter:card\" content=\"summary_large_image\" \/>\n<meta name=\"twitter:label1\" content=\"Estimated reading time\" \/>\n\t<meta name=\"twitter:data1\" content=\"1 minute\" \/>\n<script type=\"application\/ld+json\" class=\"yoast-schema-graph\">{\"@context\":\"https:\\\/\\\/schema.org\",\"@graph\":[{\"@type\":\"WebPage\",\"@id\":\"https:\\\/\\\/eyeofthewind.net\\\/danke-fuer-ihre-unverbindliche-reservierung\\\/\",\"url\":\"https:\\\/\\\/eyeofthewind.net\\\/danke-fuer-ihre-unverbindliche-reservierung\\\/\",\"name\":\"Danke f\u00fcr Ihre unverbindliche Reservierung - Segelschiff Charter &amp; Reisen - Eye of the Wind\",\"isPartOf\":{\"@id\":\"https:\\\/\\\/eyeofthewind.net\\\/#website\"},\"primaryImageOfPage\":{\"@id\":\"https:\\\/\\\/eyeofthewind.net\\\/danke-fuer-ihre-unverbindliche-reservierung\\\/#primaryimage\"},\"image\":{\"@id\":\"https:\\\/\\\/eyeofthewind.net\\\/danke-fuer-ihre-unverbindliche-reservierung\\\/#primaryimage\"},\"thumbnailUrl\":\"https:\\\/\\\/eyeofthewind.net\\\/wp-content\\\/uploads\\\/2024\\\/10\\\/L_Eye_weiss.svg\",\"datePublished\":\"2025-06-16T13:26:44+00:00\",\"dateModified\":\"2025-09-18T06:54:46+00:00\",\"breadcrumb\":{\"@id\":\"https:\\\/\\\/eyeofthewind.net\\\/danke-fuer-ihre-unverbindliche-reservierung\\\/#breadcrumb\"},\"inLanguage\":\"en-GB\",\"potentialAction\":[{\"@type\":\"ReadAction\",\"target\":[\"https:\\\/\\\/eyeofthewind.net\\\/danke-fuer-ihre-unverbindliche-reservierung\\\/\"]}]},{\"@type\":\"ImageObject\",\"inLanguage\":\"en-GB\",\"@id\":\"https:\\\/\\\/eyeofthewind.net\\\/danke-fuer-ihre-unverbindliche-reservierung\\\/#primaryimage\",\"url\":\"https:\\\/\\\/eyeofthewind.net\\\/wp-content\\\/uploads\\\/2024\\\/10\\\/L_Eye_weiss.svg\",\"contentUrl\":\"https:\\\/\\\/eyeofthewind.net\\\/wp-content\\\/uploads\\\/2024\\\/10\\\/L_Eye_weiss.svg\"},{\"@type\":\"BreadcrumbList\",\"@id\":\"https:\\\/\\\/eyeofthewind.net\\\/danke-fuer-ihre-unverbindliche-reservierung\\\/#breadcrumb\",\"itemListElement\":[{\"@type\":\"ListItem\",\"position\":1,\"name\":\"Startseite\",\"item\":\"https:\\\/\\\/eyeofthewind.net\\\/\"},{\"@type\":\"ListItem\",\"position\":2,\"name\":\"Danke f\u00fcr Ihre unverbindliche Reservierung\"}]},{\"@type\":\"WebSite\",\"@id\":\"https:\\\/\\\/eyeofthewind.net\\\/#website\",\"url\":\"https:\\\/\\\/eyeofthewind.net\\\/\",\"name\":\"Segelschiff Charter &amp; Reisen - Eye of the Wind\",\"description\":\"Segelurlaub mit der Eye of the Wind: Segelt\u00f6rns zwischen Ostsee, Kanaren und Karibik. Jeder kann mitsegeln! Mehr zu Ihrer Segelreise.\",\"publisher\":{\"@id\":\"https:\\\/\\\/eyeofthewind.net\\\/#organization\"},\"potentialAction\":[{\"@type\":\"SearchAction\",\"target\":{\"@type\":\"EntryPoint\",\"urlTemplate\":\"https:\\\/\\\/eyeofthewind.net\\\/?s={search_term_string}\"},\"query-input\":{\"@type\":\"PropertyValueSpecification\",\"valueRequired\":true,\"valueName\":\"search_term_string\"}}],\"inLanguage\":\"en-GB\"},{\"@type\":\"Organization\",\"@id\":\"https:\\\/\\\/eyeofthewind.net\\\/#organization\",\"name\":\"Segelschiff Charter &amp; Reisen - Eye of the Wind\",\"url\":\"https:\\\/\\\/eyeofthewind.net\\\/\",\"logo\":{\"@type\":\"ImageObject\",\"inLanguage\":\"en-GB\",\"@id\":\"https:\\\/\\\/eyeofthewind.net\\\/#\\\/schema\\\/logo\\\/image\\\/\",\"url\":\"https:\\\/\\\/eyeofthewind.net\\\/wp-content\\\/uploads\\\/2024\\\/10\\\/L_Eye_weiss.svg\",\"contentUrl\":\"https:\\\/\\\/eyeofthewind.net\\\/wp-content\\\/uploads\\\/2024\\\/10\\\/L_Eye_weiss.svg\",\"width\":202,\"height\":123,\"caption\":\"Segelschiff Charter &amp; Reisen - Eye of the Wind\"},\"image\":{\"@id\":\"https:\\\/\\\/eyeofthewind.net\\\/#\\\/schema\\\/logo\\\/image\\\/\"}}]}<\/script>\n<!-- \/ Yoast SEO plugin. -->","yoast_head_json":{"title":"Thank you for your non-binding reservation - Sailboat Charter &amp; Travel - Eye of the Wind","robots":{"index":"index","follow":"follow","max-snippet":"max-snippet:-1","max-image-preview":"max-image-preview:large","max-video-preview":"max-video-preview:-1"},"canonical":"https:\/\/eyeofthewind.net\/en\/thank-you-for-your-non-binding-reservation\/","og_locale":"en_GB","og_type":"article","og_title":"Danke f\u00fcr Ihre unverbindliche Reservierung - Segelschiff Charter &amp; Reisen - Eye of the Wind","og_description":"Ahoi! Vielen Dank f\u00fcr Ihre Segelt\u00f6rn-Anfrage Wir bearbeiten Ihr Anliegen schnellstm\u00f6glich und melden uns in K\u00fcrze bei Ihnen. Tagesaktuelle Neuigkeiten \u00fcber das Schiff, unsere Crew, besondere Reise-Angebote und vieles mehrfinden Sie auf unserer Facebook-Seite. Ihr Team der Eye of the Wind","og_url":"https:\/\/eyeofthewind.net\/en\/thank-you-for-your-non-binding-reservation\/","og_site_name":"Segelschiff Charter &amp; Reisen - Eye of the Wind","article_modified_time":"2025-09-18T06:54:46+00:00","og_image":[{"url":"https:\/\/eyeofthewind.net\/wp-content\/uploads\/2024\/10\/L_Eye_weiss.svg","type":"","width":"","height":""}],"twitter_card":"summary_large_image","twitter_misc":{"Estimated reading time":"1 minute"},"schema":{"@context":"https:\/\/schema.org","@graph":[{"@type":"WebPage","@id":"https:\/\/eyeofthewind.net\/danke-fuer-ihre-unverbindliche-reservierung\/","url":"https:\/\/eyeofthewind.net\/danke-fuer-ihre-unverbindliche-reservierung\/","name":"Thank you for your non-binding reservation - Sailboat Charter &amp; Travel - Eye of the Wind","isPartOf":{"@id":"https:\/\/eyeofthewind.net\/#website"},"primaryImageOfPage":{"@id":"https:\/\/eyeofthewind.net\/danke-fuer-ihre-unverbindliche-reservierung\/#primaryimage"},"image":{"@id":"https:\/\/eyeofthewind.net\/danke-fuer-ihre-unverbindliche-reservierung\/#primaryimage"},"thumbnailUrl":"https:\/\/eyeofthewind.net\/wp-content\/uploads\/2024\/10\/L_Eye_weiss.svg","datePublished":"2025-06-16T13:26:44+00:00","dateModified":"2025-09-18T06:54:46+00:00","breadcrumb":{"@id":"https:\/\/eyeofthewind.net\/danke-fuer-ihre-unverbindliche-reservierung\/#breadcrumb"},"inLanguage":"en-GB","potentialAction":[{"@type":"ReadAction","target":["https:\/\/eyeofthewind.net\/danke-fuer-ihre-unverbindliche-reservierung\/"]}]},{"@type":"ImageObject","inLanguage":"en-GB","@id":"https:\/\/eyeofthewind.net\/danke-fuer-ihre-unverbindliche-reservierung\/#primaryimage","url":"https:\/\/eyeofthewind.net\/wp-content\/uploads\/2024\/10\/L_Eye_weiss.svg","contentUrl":"https:\/\/eyeofthewind.net\/wp-content\/uploads\/2024\/10\/L_Eye_weiss.svg"},{"@type":"BreadcrumbList","@id":"https:\/\/eyeofthewind.net\/danke-fuer-ihre-unverbindliche-reservierung\/#breadcrumb","itemListElement":[{"@type":"ListItem","position":1,"name":"Startseite","item":"https:\/\/eyeofthewind.net\/"},{"@type":"ListItem","position":2,"name":"Danke f\u00fcr Ihre unverbindliche Reservierung"}]},{"@type":"WebSite","@id":"https:\/\/eyeofthewind.net\/#website","url":"https:\/\/eyeofthewind.net\/","name":"Sailing Ship Charter &amp; Travelling - Eye of the Wind","description":"Sailing holidays with the Eye of the Wind: sailing trips between the Baltic Sea, Canary Islands and Caribbean. Anyone can sail with us! More about your sailing holiday.","publisher":{"@id":"https:\/\/eyeofthewind.net\/#organization"},"potentialAction":[{"@type":"SearchAction","target":{"@type":"EntryPoint","urlTemplate":"https:\/\/eyeofthewind.net\/?s={search_term_string}"},"query-input":{"@type":"PropertyValueSpecification","valueRequired":true,"valueName":"search_term_string"}}],"inLanguage":"en-GB"},{"@type":"Organization","@id":"https:\/\/eyeofthewind.net\/#organization","name":"Sailing Ship Charter &amp; Travelling - Eye of the Wind","url":"https:\/\/eyeofthewind.net\/","logo":{"@type":"ImageObject","inLanguage":"en-GB","@id":"https:\/\/eyeofthewind.net\/#\/schema\/logo\/image\/","url":"https:\/\/eyeofthewind.net\/wp-content\/uploads\/2024\/10\/L_Eye_weiss.svg","contentUrl":"https:\/\/eyeofthewind.net\/wp-content\/uploads\/2024\/10\/L_Eye_weiss.svg","width":202,"height":123,"caption":"Segelschiff Charter &amp; Reisen - Eye of the Wind"},"image":{"@id":"https:\/\/eyeofthewind.net\/#\/schema\/logo\/image\/"}}]}},"_links":{"self":[{"href":"https:\/\/eyeofthewind.net\/en\/wp-json\/wp\/v2\/pages\/3227","targetHints":{"allow":["GET"]}}],"collection":[{"href":"https:\/\/eyeofthewind.net\/en\/wp-json\/wp\/v2\/pages"}],"about":[{"href":"https:\/\/eyeofthewind.net\/en\/wp-json\/wp\/v2\/types\/page"}],"author":[{"embeddable":true,"href":"https:\/\/eyeofthewind.net\/en\/wp-json\/wp\/v2\/users\/1"}],"replies":[{"embeddable":true,"href":"https:\/\/eyeofthewind.net\/en\/wp-json\/wp\/v2\/comments?post=3227"}],"version-history":[{"count":3,"href":"https:\/\/eyeofthewind.net\/en\/wp-json\/wp\/v2\/pages\/3227\/revisions"}],"predecessor-version":[{"id":3903,"href":"https:\/\/eyeofthewind.net\/en\/wp-json\/wp\/v2\/pages\/3227\/revisions\/3903"}],"wp:attachment":[{"href":"https:\/\/eyeofthewind.net\/en\/wp-json\/wp\/v2\/media?parent=3227"}],"curies":[{"name":"wp","href":"https:\/\/api.w.org\/{rel}","templated":true}]}}