{"id":4270,"date":"2025-09-02T13:26:14","date_gmt":"2025-09-02T11:26:14","guid":{"rendered":"https:\/\/eyeofthewind.net\/?post_type=product&#038;p=4270"},"modified":"2026-04-07T10:42:01","modified_gmt":"2026-04-07T08:42:01","slug":"arrival-parade-for-the-837th-birthday-of-the-harbour-overnight-stay","status":"publish","type":"product","link":"https:\/\/eyeofthewind.net\/en\/produkt\/einlaufparade-zum-837-hafengeburtstag-uebernachtung\/","title":{"rendered":"Sail-in Parade for the 837<sup>th<\/sup> Hamburg Harbour Birthday<br>(with overnight stay)"},"content":{"rendered":"<p class=\"translation-block\">Before an eventful day, you will <strong>spend the night on board<\/strong> in an air-conditioned double cabin. The next morning, you can <strong>enjoy a delicious breakfast<\/strong> amidst the awakening harbour scene. An impressive fleet of ships forms the <strong>sail-in parade to the big harbour festival<\/strong>. The spectrum ranges from small Elbe fishing boats to huge ocean cruisers. After casting off from the <strong>port of Hamburg<\/strong>, we first sail downstream, past the Oevelg\u00f6nne museum harbour, the Hamburg villa suburb of Blankenese and the green banks of the Elbe. We then join the large convoy. Accompanied by thousands of spectators on both banks of the Elbe, Hamburg welcomes all the guest ships that are honouring the Hanseatic city <strong>on its harbour birthday<\/strong> at the St. Pauli Landungsbr\u00fccken. After the parade formation has been dissolved, the <strong>Eye of the Wind<\/strong> heads for her assigned berth. Together with other traditional sailing ships, this offers an unusual photo opportunity against <strong>a fantastic harbour backdrop<\/strong>.<\/p>\n<p class=\"translation-block\">The sail-in parade can be booked  <a href=\"\/en\/product\/arrival-parade-for-the-837th-birthday-of-the-port-of-hamburg\/\" target=\"_self\">without overnight accommodation<\/a> if desired.<\/p>\n<p class=\"translation-block\">Further information can be found in our <a href=\"\/en\/hamburger-hafengeburtstag-the-biggest-harbour-festival-in-the-world\/\" target=\"_self\">blog post <strong>Hamburg Harbour Birthday \u2013 \"the biggest harbour festival in the world\"<\/strong><\/a>.<\/p>","protected":false},"excerpt":{"rendered":"<p>Vor einem ereignisreichen Tag \u00fcbernachten Sie an Bord in einer klimatisierten Doppelkabine. Ihr leckeres Fr\u00fchst\u00fcck genie\u00dfen Sie am n\u00e4chsten Morgen inmitten der erwachenden Hafen-Szene. Eine eindrucksvolle Schiffsflotte bildet die Einlaufparade zum gro\u00dfen Hafenfest. Das Spektrum reicht vom kleinen Elbe-Fischkutter bis zum riesigen Ozean-Kreuzfahrer. Nach dem Ablegen im Hamburger Hafen fahren wir zun\u00e4chst flussabw\u00e4rts, vorbei am [&hellip;]<\/p>\n","protected":false},"featured_media":4265,"template":"","meta":{"_acf_changed":false,"_vp_format_video_url":"","_vp_image_focal_point":[]},"product_brand":[],"product_cat":[15],"product_tag":[],"class_list":{"0":"post-4270","1":"product","2":"type-product","3":"status-publish","4":"has-post-thumbnail","6":"product_cat-unkategorisiert","8":"first","9":"outofstock","10":"virtual","11":"taxable","12":"purchasable","13":"product-type-simple"},"acf":[],"yoast_head":"<!-- This site is optimized with the Yoast SEO plugin v27.4 - https:\/\/yoast.com\/product\/yoast-seo-wordpress\/ -->\n<title>Einlaufparade zum 837. Hamburger Hafengeburtstag (mit \u00dcbernachtung) - Segelschiff Charter &amp; Reisen - Eye of the Wind<\/title>\n<meta name=\"description\" content=\"Einlaufparade zum 837. Hamburger Hafengeburtstag: Tagesfahrt auf der Elbe mit dem Segelschiff Eye of the Wind, inkl. Verpflegung an Bord und \u00dcbernachtung\" \/>\n<meta name=\"robots\" content=\"index, follow, max-snippet:-1, max-image-preview:large, max-video-preview:-1\" \/>\n<link rel=\"canonical\" href=\"https:\/\/eyeofthewind.net\/en\/product\/arrival-parade-for-the-837th-birthday-of-the-harbour-overnight-stay\/\" \/>\n<meta property=\"og:locale\" content=\"en_GB\" \/>\n<meta property=\"og:type\" content=\"article\" \/>\n<meta property=\"og:title\" content=\"Einlaufparade zum 837. Hamburger Hafengeburtstag (mit \u00dcbernachtung) - Segelschiff Charter &amp; Reisen - Eye of the Wind\" \/>\n<meta property=\"og:description\" content=\"Einlaufparade zum 837. Hamburger Hafengeburtstag: Tagesfahrt auf der Elbe mit dem Segelschiff Eye of the Wind, inkl. Verpflegung an Bord und \u00dcbernachtung\" \/>\n<meta property=\"og:url\" content=\"https:\/\/eyeofthewind.net\/en\/product\/arrival-parade-for-the-837th-birthday-of-the-harbour-overnight-stay\/\" \/>\n<meta property=\"og:site_name\" content=\"Segelschiff Charter &amp; Reisen - Eye of the Wind\" \/>\n<meta property=\"article:modified_time\" content=\"2026-04-07T08:42:01+00:00\" \/>\n<meta property=\"og:image\" content=\"https:\/\/eyeofthewind.net\/wp-content\/uploads\/2025\/09\/IMG_7498-scaled-e1756808810708.jpg\" \/>\n\t<meta property=\"og:image:width\" content=\"2244\" \/>\n\t<meta property=\"og:image:height\" content=\"1425\" \/>\n\t<meta property=\"og:image:type\" content=\"image\/jpeg\" \/>\n<meta name=\"twitter:card\" content=\"summary_large_image\" \/>\n<meta name=\"twitter:label1\" content=\"Estimated reading time\" \/>\n\t<meta name=\"twitter:data1\" content=\"2 minutes\" \/>\n<script type=\"application\/ld+json\" class=\"yoast-schema-graph\">{\"@context\":\"https:\\\/\\\/schema.org\",\"@graph\":[{\"@type\":\"WebPage\",\"@id\":\"https:\\\/\\\/eyeofthewind.net\\\/produkt\\\/einlaufparade-zum-837-hafengeburtstag-uebernachtung\\\/\",\"url\":\"https:\\\/\\\/eyeofthewind.net\\\/produkt\\\/einlaufparade-zum-837-hafengeburtstag-uebernachtung\\\/\",\"name\":\"Einlaufparade zum 837. Hamburger Hafengeburtstag (mit \u00dcbernachtung) - Segelschiff Charter &amp; Reisen - Eye of the Wind\",\"isPartOf\":{\"@id\":\"https:\\\/\\\/eyeofthewind.net\\\/#website\"},\"primaryImageOfPage\":{\"@id\":\"https:\\\/\\\/eyeofthewind.net\\\/produkt\\\/einlaufparade-zum-837-hafengeburtstag-uebernachtung\\\/#primaryimage\"},\"image\":{\"@id\":\"https:\\\/\\\/eyeofthewind.net\\\/produkt\\\/einlaufparade-zum-837-hafengeburtstag-uebernachtung\\\/#primaryimage\"},\"thumbnailUrl\":\"https:\\\/\\\/eyeofthewind.net\\\/wp-content\\\/uploads\\\/2025\\\/09\\\/IMG_7498-scaled-e1756808810708.jpg\",\"datePublished\":\"2025-09-02T11:26:14+00:00\",\"dateModified\":\"2026-04-07T08:42:01+00:00\",\"description\":\"Einlaufparade zum 837. Hamburger Hafengeburtstag: Tagesfahrt auf der Elbe mit dem Segelschiff Eye of the Wind, inkl. Verpflegung an Bord und \u00dcbernachtung\",\"breadcrumb\":{\"@id\":\"https:\\\/\\\/eyeofthewind.net\\\/produkt\\\/einlaufparade-zum-837-hafengeburtstag-uebernachtung\\\/#breadcrumb\"},\"inLanguage\":\"en-GB\",\"potentialAction\":[{\"@type\":\"ReadAction\",\"target\":[\"https:\\\/\\\/eyeofthewind.net\\\/produkt\\\/einlaufparade-zum-837-hafengeburtstag-uebernachtung\\\/\"]}]},{\"@type\":\"ImageObject\",\"inLanguage\":\"en-GB\",\"@id\":\"https:\\\/\\\/eyeofthewind.net\\\/produkt\\\/einlaufparade-zum-837-hafengeburtstag-uebernachtung\\\/#primaryimage\",\"url\":\"https:\\\/\\\/eyeofthewind.net\\\/wp-content\\\/uploads\\\/2025\\\/09\\\/IMG_7498-scaled-e1756808810708.jpg\",\"contentUrl\":\"https:\\\/\\\/eyeofthewind.net\\\/wp-content\\\/uploads\\\/2025\\\/09\\\/IMG_7498-scaled-e1756808810708.jpg\",\"width\":2244,\"height\":1425,\"caption\":\"Einlaufparade zum 837. Hamburger Hafengeburtstag\"},{\"@type\":\"BreadcrumbList\",\"@id\":\"https:\\\/\\\/eyeofthewind.net\\\/produkt\\\/einlaufparade-zum-837-hafengeburtstag-uebernachtung\\\/#breadcrumb\",\"itemListElement\":[{\"@type\":\"ListItem\",\"position\":1,\"name\":\"Startseite\",\"item\":\"https:\\\/\\\/eyeofthewind.net\\\/\"},{\"@type\":\"ListItem\",\"position\":2,\"name\":\"Shop\",\"item\":\"https:\\\/\\\/eyeofthewind.net\\\/shop\\\/\"},{\"@type\":\"ListItem\",\"position\":3,\"name\":\"Einlaufparade zum 837. Hamburger Hafengeburtstag (mit \u00dcbernachtung)\"}]},{\"@type\":\"WebSite\",\"@id\":\"https:\\\/\\\/eyeofthewind.net\\\/#website\",\"url\":\"https:\\\/\\\/eyeofthewind.net\\\/\",\"name\":\"Segelschiff Charter &amp; Reisen - Eye of the Wind\",\"description\":\"Segelurlaub mit der Eye of the Wind: Segelt\u00f6rns zwischen Ostsee, Kanaren und Karibik. Jeder kann mitsegeln! Mehr zu Ihrer Segelreise.\",\"publisher\":{\"@id\":\"https:\\\/\\\/eyeofthewind.net\\\/#organization\"},\"potentialAction\":[{\"@type\":\"SearchAction\",\"target\":{\"@type\":\"EntryPoint\",\"urlTemplate\":\"https:\\\/\\\/eyeofthewind.net\\\/?s={search_term_string}\"},\"query-input\":{\"@type\":\"PropertyValueSpecification\",\"valueRequired\":true,\"valueName\":\"search_term_string\"}}],\"inLanguage\":\"en-GB\"},{\"@type\":\"Organization\",\"@id\":\"https:\\\/\\\/eyeofthewind.net\\\/#organization\",\"name\":\"Segelschiff Charter &amp; Reisen - Eye of the Wind\",\"url\":\"https:\\\/\\\/eyeofthewind.net\\\/\",\"logo\":{\"@type\":\"ImageObject\",\"inLanguage\":\"en-GB\",\"@id\":\"https:\\\/\\\/eyeofthewind.net\\\/#\\\/schema\\\/logo\\\/image\\\/\",\"url\":\"https:\\\/\\\/eyeofthewind.net\\\/wp-content\\\/uploads\\\/2024\\\/10\\\/L_Eye_weiss.svg\",\"contentUrl\":\"https:\\\/\\\/eyeofthewind.net\\\/wp-content\\\/uploads\\\/2024\\\/10\\\/L_Eye_weiss.svg\",\"width\":202,\"height\":123,\"caption\":\"Segelschiff Charter &amp; Reisen - Eye of the Wind\"},\"image\":{\"@id\":\"https:\\\/\\\/eyeofthewind.net\\\/#\\\/schema\\\/logo\\\/image\\\/\"}}]}<\/script>\n<!-- \/ Yoast SEO plugin. -->","yoast_head_json":{"title":"Entry parade for the 837th Hamburg Harbour Birthday (with overnight stay) - Sailing Ship Charter &amp; Travel - Eye of the Wind","description":"Entry parade for the 837th Hamburg Harbour Birthday: day trip on the Elbe with the sailing ship Eye of the Wind, incl. catering on board and overnight stay","robots":{"index":"index","follow":"follow","max-snippet":"max-snippet:-1","max-image-preview":"max-image-preview:large","max-video-preview":"max-video-preview:-1"},"canonical":"https:\/\/eyeofthewind.net\/en\/product\/arrival-parade-for-the-837th-birthday-of-the-harbour-overnight-stay\/","og_locale":"en_GB","og_type":"article","og_title":"Einlaufparade zum 837. Hamburger Hafengeburtstag (mit \u00dcbernachtung) - Segelschiff Charter &amp; Reisen - Eye of the Wind","og_description":"Einlaufparade zum 837. Hamburger Hafengeburtstag: Tagesfahrt auf der Elbe mit dem Segelschiff Eye of the Wind, inkl. Verpflegung an Bord und \u00dcbernachtung","og_url":"https:\/\/eyeofthewind.net\/en\/product\/arrival-parade-for-the-837th-birthday-of-the-harbour-overnight-stay\/","og_site_name":"Segelschiff Charter &amp; Reisen - Eye of the Wind","article_modified_time":"2026-04-07T08:42:01+00:00","og_image":[{"width":2244,"height":1425,"url":"https:\/\/eyeofthewind.net\/wp-content\/uploads\/2025\/09\/IMG_7498-scaled-e1756808810708.jpg","type":"image\/jpeg"}],"twitter_card":"summary_large_image","twitter_misc":{"Estimated reading time":"2 minutes"},"schema":{"@context":"https:\/\/schema.org","@graph":[{"@type":"WebPage","@id":"https:\/\/eyeofthewind.net\/produkt\/einlaufparade-zum-837-hafengeburtstag-uebernachtung\/","url":"https:\/\/eyeofthewind.net\/produkt\/einlaufparade-zum-837-hafengeburtstag-uebernachtung\/","name":"Entry parade for the 837th Hamburg Harbour Birthday (with overnight stay) - Sailing Ship Charter &amp; Travel - Eye of the Wind","isPartOf":{"@id":"https:\/\/eyeofthewind.net\/#website"},"primaryImageOfPage":{"@id":"https:\/\/eyeofthewind.net\/produkt\/einlaufparade-zum-837-hafengeburtstag-uebernachtung\/#primaryimage"},"image":{"@id":"https:\/\/eyeofthewind.net\/produkt\/einlaufparade-zum-837-hafengeburtstag-uebernachtung\/#primaryimage"},"thumbnailUrl":"https:\/\/eyeofthewind.net\/wp-content\/uploads\/2025\/09\/IMG_7498-scaled-e1756808810708.jpg","datePublished":"2025-09-02T11:26:14+00:00","dateModified":"2026-04-07T08:42:01+00:00","description":"Entry parade for the 837th Hamburg Harbour Birthday: day trip on the Elbe with the sailing ship Eye of the Wind, incl. catering on board and overnight stay","breadcrumb":{"@id":"https:\/\/eyeofthewind.net\/produkt\/einlaufparade-zum-837-hafengeburtstag-uebernachtung\/#breadcrumb"},"inLanguage":"en-GB","potentialAction":[{"@type":"ReadAction","target":["https:\/\/eyeofthewind.net\/produkt\/einlaufparade-zum-837-hafengeburtstag-uebernachtung\/"]}]},{"@type":"ImageObject","inLanguage":"en-GB","@id":"https:\/\/eyeofthewind.net\/produkt\/einlaufparade-zum-837-hafengeburtstag-uebernachtung\/#primaryimage","url":"https:\/\/eyeofthewind.net\/wp-content\/uploads\/2025\/09\/IMG_7498-scaled-e1756808810708.jpg","contentUrl":"https:\/\/eyeofthewind.net\/wp-content\/uploads\/2025\/09\/IMG_7498-scaled-e1756808810708.jpg","width":2244,"height":1425,"caption":"Einlaufparade zum 837. Hamburger Hafengeburtstag"},{"@type":"BreadcrumbList","@id":"https:\/\/eyeofthewind.net\/produkt\/einlaufparade-zum-837-hafengeburtstag-uebernachtung\/#breadcrumb","itemListElement":[{"@type":"ListItem","position":1,"name":"Startseite","item":"https:\/\/eyeofthewind.net\/"},{"@type":"ListItem","position":2,"name":"Shop","item":"https:\/\/eyeofthewind.net\/shop\/"},{"@type":"ListItem","position":3,"name":"Einlaufparade zum 837. Hamburger Hafengeburtstag (mit \u00dcbernachtung)"}]},{"@type":"WebSite","@id":"https:\/\/eyeofthewind.net\/#website","url":"https:\/\/eyeofthewind.net\/","name":"Sailing Ship Charter &amp; Travelling - Eye of the Wind","description":"Sailing holidays with the Eye of the Wind: sailing trips between the Baltic Sea, Canary Islands and Caribbean. Anyone can sail with us! More about your sailing holiday.","publisher":{"@id":"https:\/\/eyeofthewind.net\/#organization"},"potentialAction":[{"@type":"SearchAction","target":{"@type":"EntryPoint","urlTemplate":"https:\/\/eyeofthewind.net\/?s={search_term_string}"},"query-input":{"@type":"PropertyValueSpecification","valueRequired":true,"valueName":"search_term_string"}}],"inLanguage":"en-GB"},{"@type":"Organization","@id":"https:\/\/eyeofthewind.net\/#organization","name":"Sailing Ship Charter &amp; Travelling - Eye of the Wind","url":"https:\/\/eyeofthewind.net\/","logo":{"@type":"ImageObject","inLanguage":"en-GB","@id":"https:\/\/eyeofthewind.net\/#\/schema\/logo\/image\/","url":"https:\/\/eyeofthewind.net\/wp-content\/uploads\/2024\/10\/L_Eye_weiss.svg","contentUrl":"https:\/\/eyeofthewind.net\/wp-content\/uploads\/2024\/10\/L_Eye_weiss.svg","width":202,"height":123,"caption":"Segelschiff Charter &amp; Reisen - Eye of the Wind"},"image":{"@id":"https:\/\/eyeofthewind.net\/#\/schema\/logo\/image\/"}}]}},"_links":{"self":[{"href":"https:\/\/eyeofthewind.net\/en\/wp-json\/wp\/v2\/product\/4270","targetHints":{"allow":["GET"]}}],"collection":[{"href":"https:\/\/eyeofthewind.net\/en\/wp-json\/wp\/v2\/product"}],"about":[{"href":"https:\/\/eyeofthewind.net\/en\/wp-json\/wp\/v2\/types\/product"}],"wp:featuredmedia":[{"embeddable":true,"href":"https:\/\/eyeofthewind.net\/en\/wp-json\/wp\/v2\/media\/4265"}],"wp:attachment":[{"href":"https:\/\/eyeofthewind.net\/en\/wp-json\/wp\/v2\/media?parent=4270"}],"wp:term":[{"taxonomy":"product_brand","embeddable":true,"href":"https:\/\/eyeofthewind.net\/en\/wp-json\/wp\/v2\/product_brand?post=4270"},{"taxonomy":"product_cat","embeddable":true,"href":"https:\/\/eyeofthewind.net\/en\/wp-json\/wp\/v2\/product_cat?post=4270"},{"taxonomy":"product_tag","embeddable":true,"href":"https:\/\/eyeofthewind.net\/en\/wp-json\/wp\/v2\/product_tag?post=4270"}],"curies":[{"name":"wp","href":"https:\/\/api.w.org\/{rel}","templated":true}]}}