{"id":4443,"date":"2025-09-09T12:19:07","date_gmt":"2025-09-09T10:19:07","guid":{"rendered":"https:\/\/eyeofthewind.net\/?post_type=product&#038;p=4443"},"modified":"2026-03-18T11:23:00","modified_gmt":"2026-03-18T10:23:00","slug":"from-the-kattegat-to-eckernfoerder-bay","status":"publish","type":"product","link":"https:\/\/eyeofthewind.net\/en\/produkt\/vom-kattegat-zur-eckernfoerder-bucht\/","title":{"rendered":"From the Kattegat to the Eckernf\u00f6rde Bay"},"content":{"rendered":"<p class=\"translation-block\">Many routes lead <strong>from the Kattegat to Eckernf\u00f6rde Bay<\/strong>. On this early summer <strong>sailing trip<\/strong>, the <strong>Baltic Sea<\/strong> becomes our \"playground\" of numerous possibilities. On our way south, we could choose to <strong>sail through the \u00d6resund<\/strong> \u2013 with a <strong>stopover in Copenhagen<\/strong> and a trip past the <strong>chalk cliffs of the island of M\u00f8n<\/strong> on the itinerary. If we decide to <strong>pass through the Great Belt<\/strong>, we will enjoy long stretches under sail and <strong>plenty of time at sea<\/strong>. Here, too, shore leave, for example in the <strong>port city of Svendborg<\/strong>, provides variety. Or would you prefer a slower and more leisurely pace? Then the <strong>Little Belt with coastal towns such as Middelfart or S\u00f8nderborg<\/strong> would be the right choice. In any case, this voyage is characterised by a <strong>balanced ratio of sailing time at sea and sufficient time for varied port visits and shore excursions<\/strong>.<\/p>","protected":false},"excerpt":{"rendered":"<p>Viele Wege f\u00fchren vom Kattegat zur Eckernf\u00f6rder Bucht. Bei diesem fr\u00fchsommerlichen Segelt\u00f6rn wird die Ostsee f\u00fcr uns zum \u201eSpielplatz\u201c der vielen M\u00f6glichkeiten. Auf unserem Weg nach S\u00fcden k\u00f6nnten wir den Weg durch den \u00d6resund w\u00e4hlen \u2013 ein Zwischenstopp in Kopenhagen und die Vorbeifahrt an den Kreidefelsen der Insel M\u00f8n stehen dort auf dem Programm. Entscheiden [&hellip;]<\/p>\n","protected":false},"featured_media":4446,"template":"","meta":{"_acf_changed":false,"_vp_format_video_url":"","_vp_image_focal_point":[]},"product_brand":[],"product_cat":[15],"product_tag":[],"class_list":{"0":"post-4443","1":"product","2":"type-product","3":"status-publish","4":"has-post-thumbnail","6":"product_cat-unkategorisiert","8":"first","9":"instock","10":"featured","11":"virtual","12":"purchasable","13":"product-type-simple"},"acf":[],"yoast_head":"<!-- This site is optimized with the Yoast SEO plugin v27.4 - https:\/\/yoast.com\/product\/yoast-seo-wordpress\/ -->\n<title>Vom Kattegat zur Eckernf\u00f6rder Bucht - Segelschiff Charter &amp; Reisen - Eye of the Wind<\/title>\n<meta name=\"description\" content=\"Vom Kattegat zur Eckernf\u00f6rder Bucht: Segelt\u00f6rn auf der Ostsee mit der Eye of the Wind von G\u00f6teborg (Schweden) nach Eckernf\u00f6rde\" \/>\n<meta name=\"robots\" content=\"index, follow, max-snippet:-1, max-image-preview:large, max-video-preview:-1\" \/>\n<link rel=\"canonical\" href=\"https:\/\/eyeofthewind.net\/en\/product\/from-the-kattegat-to-eckernfoerder-bay\/\" \/>\n<meta property=\"og:locale\" content=\"en_GB\" \/>\n<meta property=\"og:type\" content=\"article\" \/>\n<meta property=\"og:title\" content=\"Vom Kattegat zur Eckernf\u00f6rder Bucht - Segelschiff Charter &amp; Reisen - Eye of the Wind\" \/>\n<meta property=\"og:description\" content=\"Vom Kattegat zur Eckernf\u00f6rder Bucht: Segelt\u00f6rn auf der Ostsee mit der Eye of the Wind von G\u00f6teborg (Schweden) nach Eckernf\u00f6rde\" \/>\n<meta property=\"og:url\" content=\"https:\/\/eyeofthewind.net\/en\/product\/from-the-kattegat-to-eckernfoerder-bay\/\" \/>\n<meta property=\"og:site_name\" content=\"Segelschiff Charter &amp; Reisen - Eye of the Wind\" \/>\n<meta property=\"article:modified_time\" content=\"2026-03-18T10:23:00+00:00\" \/>\n<meta property=\"og:image\" content=\"https:\/\/eyeofthewind.net\/wp-content\/uploads\/2025\/09\/IMG_1238-1241pan-k.jpg\" \/>\n\t<meta property=\"og:image:width\" content=\"844\" \/>\n\t<meta property=\"og:image:height\" content=\"768\" \/>\n\t<meta property=\"og:image:type\" content=\"image\/jpeg\" \/>\n<meta name=\"twitter:card\" content=\"summary_large_image\" \/>\n<meta name=\"twitter:label1\" content=\"Estimated reading time\" \/>\n\t<meta name=\"twitter:data1\" content=\"1 minute\" \/>\n<script type=\"application\/ld+json\" class=\"yoast-schema-graph\">{\"@context\":\"https:\\\/\\\/schema.org\",\"@graph\":[{\"@type\":\"WebPage\",\"@id\":\"https:\\\/\\\/eyeofthewind.net\\\/produkt\\\/vom-kattegat-zur-eckernfoerder-bucht\\\/\",\"url\":\"https:\\\/\\\/eyeofthewind.net\\\/produkt\\\/vom-kattegat-zur-eckernfoerder-bucht\\\/\",\"name\":\"Vom Kattegat zur Eckernf\u00f6rder Bucht - Segelschiff Charter &amp; Reisen - Eye of the Wind\",\"isPartOf\":{\"@id\":\"https:\\\/\\\/eyeofthewind.net\\\/#website\"},\"primaryImageOfPage\":{\"@id\":\"https:\\\/\\\/eyeofthewind.net\\\/produkt\\\/vom-kattegat-zur-eckernfoerder-bucht\\\/#primaryimage\"},\"image\":{\"@id\":\"https:\\\/\\\/eyeofthewind.net\\\/produkt\\\/vom-kattegat-zur-eckernfoerder-bucht\\\/#primaryimage\"},\"thumbnailUrl\":\"https:\\\/\\\/eyeofthewind.net\\\/wp-content\\\/uploads\\\/2025\\\/09\\\/IMG_1238-1241pan-k.jpg\",\"datePublished\":\"2025-09-09T10:19:07+00:00\",\"dateModified\":\"2026-03-18T10:23:00+00:00\",\"description\":\"Vom Kattegat zur Eckernf\u00f6rder Bucht: Segelt\u00f6rn auf der Ostsee mit der Eye of the Wind von G\u00f6teborg (Schweden) nach Eckernf\u00f6rde\",\"breadcrumb\":{\"@id\":\"https:\\\/\\\/eyeofthewind.net\\\/produkt\\\/vom-kattegat-zur-eckernfoerder-bucht\\\/#breadcrumb\"},\"inLanguage\":\"en-GB\",\"potentialAction\":[{\"@type\":\"ReadAction\",\"target\":[\"https:\\\/\\\/eyeofthewind.net\\\/produkt\\\/vom-kattegat-zur-eckernfoerder-bucht\\\/\"]}]},{\"@type\":\"ImageObject\",\"inLanguage\":\"en-GB\",\"@id\":\"https:\\\/\\\/eyeofthewind.net\\\/produkt\\\/vom-kattegat-zur-eckernfoerder-bucht\\\/#primaryimage\",\"url\":\"https:\\\/\\\/eyeofthewind.net\\\/wp-content\\\/uploads\\\/2025\\\/09\\\/IMG_1238-1241pan-k.jpg\",\"contentUrl\":\"https:\\\/\\\/eyeofthewind.net\\\/wp-content\\\/uploads\\\/2025\\\/09\\\/IMG_1238-1241pan-k.jpg\",\"width\":844,\"height\":768,\"caption\":\"Vom Kattegat zur Eckernf\u00f6rder Bucht\"},{\"@type\":\"BreadcrumbList\",\"@id\":\"https:\\\/\\\/eyeofthewind.net\\\/produkt\\\/vom-kattegat-zur-eckernfoerder-bucht\\\/#breadcrumb\",\"itemListElement\":[{\"@type\":\"ListItem\",\"position\":1,\"name\":\"Startseite\",\"item\":\"https:\\\/\\\/eyeofthewind.net\\\/\"},{\"@type\":\"ListItem\",\"position\":2,\"name\":\"Shop\",\"item\":\"https:\\\/\\\/eyeofthewind.net\\\/shop\\\/\"},{\"@type\":\"ListItem\",\"position\":3,\"name\":\"Vom Kattegat zur Eckernf\u00f6rder Bucht\"}]},{\"@type\":\"WebSite\",\"@id\":\"https:\\\/\\\/eyeofthewind.net\\\/#website\",\"url\":\"https:\\\/\\\/eyeofthewind.net\\\/\",\"name\":\"Segelschiff Charter &amp; Reisen - Eye of the Wind\",\"description\":\"Segelurlaub mit der Eye of the Wind: Segelt\u00f6rns zwischen Ostsee, Kanaren und Karibik. Jeder kann mitsegeln! Mehr zu Ihrer Segelreise.\",\"publisher\":{\"@id\":\"https:\\\/\\\/eyeofthewind.net\\\/#organization\"},\"potentialAction\":[{\"@type\":\"SearchAction\",\"target\":{\"@type\":\"EntryPoint\",\"urlTemplate\":\"https:\\\/\\\/eyeofthewind.net\\\/?s={search_term_string}\"},\"query-input\":{\"@type\":\"PropertyValueSpecification\",\"valueRequired\":true,\"valueName\":\"search_term_string\"}}],\"inLanguage\":\"en-GB\"},{\"@type\":\"Organization\",\"@id\":\"https:\\\/\\\/eyeofthewind.net\\\/#organization\",\"name\":\"Segelschiff Charter &amp; Reisen - Eye of the Wind\",\"url\":\"https:\\\/\\\/eyeofthewind.net\\\/\",\"logo\":{\"@type\":\"ImageObject\",\"inLanguage\":\"en-GB\",\"@id\":\"https:\\\/\\\/eyeofthewind.net\\\/#\\\/schema\\\/logo\\\/image\\\/\",\"url\":\"https:\\\/\\\/eyeofthewind.net\\\/wp-content\\\/uploads\\\/2024\\\/10\\\/L_Eye_weiss.svg\",\"contentUrl\":\"https:\\\/\\\/eyeofthewind.net\\\/wp-content\\\/uploads\\\/2024\\\/10\\\/L_Eye_weiss.svg\",\"width\":202,\"height\":123,\"caption\":\"Segelschiff Charter &amp; Reisen - Eye of the Wind\"},\"image\":{\"@id\":\"https:\\\/\\\/eyeofthewind.net\\\/#\\\/schema\\\/logo\\\/image\\\/\"}}]}<\/script>\n<!-- \/ Yoast SEO plugin. -->","yoast_head_json":{"title":"From the Kattegat to Eckernf\u00f6rde Bay - Sailboat Charter &amp; Travel - Eye of the Wind","description":"From the Kattegat to Eckernf\u00f6rde Bay: Sailing trip on the Baltic Sea with the Eye of the Wind from Gothenburg (Sweden) to Eckernf\u00f6rde","robots":{"index":"index","follow":"follow","max-snippet":"max-snippet:-1","max-image-preview":"max-image-preview:large","max-video-preview":"max-video-preview:-1"},"canonical":"https:\/\/eyeofthewind.net\/en\/product\/from-the-kattegat-to-eckernfoerder-bay\/","og_locale":"en_GB","og_type":"article","og_title":"Vom Kattegat zur Eckernf\u00f6rder Bucht - Segelschiff Charter &amp; Reisen - Eye of the Wind","og_description":"Vom Kattegat zur Eckernf\u00f6rder Bucht: Segelt\u00f6rn auf der Ostsee mit der Eye of the Wind von G\u00f6teborg (Schweden) nach Eckernf\u00f6rde","og_url":"https:\/\/eyeofthewind.net\/en\/product\/from-the-kattegat-to-eckernfoerder-bay\/","og_site_name":"Segelschiff Charter &amp; Reisen - Eye of the Wind","article_modified_time":"2026-03-18T10:23:00+00:00","og_image":[{"width":844,"height":768,"url":"https:\/\/eyeofthewind.net\/wp-content\/uploads\/2025\/09\/IMG_1238-1241pan-k.jpg","type":"image\/jpeg"}],"twitter_card":"summary_large_image","twitter_misc":{"Estimated reading time":"1 minute"},"schema":{"@context":"https:\/\/schema.org","@graph":[{"@type":"WebPage","@id":"https:\/\/eyeofthewind.net\/produkt\/vom-kattegat-zur-eckernfoerder-bucht\/","url":"https:\/\/eyeofthewind.net\/produkt\/vom-kattegat-zur-eckernfoerder-bucht\/","name":"From the Kattegat to Eckernf\u00f6rde Bay - Sailboat Charter &amp; Travel - Eye of the Wind","isPartOf":{"@id":"https:\/\/eyeofthewind.net\/#website"},"primaryImageOfPage":{"@id":"https:\/\/eyeofthewind.net\/produkt\/vom-kattegat-zur-eckernfoerder-bucht\/#primaryimage"},"image":{"@id":"https:\/\/eyeofthewind.net\/produkt\/vom-kattegat-zur-eckernfoerder-bucht\/#primaryimage"},"thumbnailUrl":"https:\/\/eyeofthewind.net\/wp-content\/uploads\/2025\/09\/IMG_1238-1241pan-k.jpg","datePublished":"2025-09-09T10:19:07+00:00","dateModified":"2026-03-18T10:23:00+00:00","description":"From the Kattegat to Eckernf\u00f6rde Bay: Sailing trip on the Baltic Sea with the Eye of the Wind from Gothenburg (Sweden) to Eckernf\u00f6rde","breadcrumb":{"@id":"https:\/\/eyeofthewind.net\/produkt\/vom-kattegat-zur-eckernfoerder-bucht\/#breadcrumb"},"inLanguage":"en-GB","potentialAction":[{"@type":"ReadAction","target":["https:\/\/eyeofthewind.net\/produkt\/vom-kattegat-zur-eckernfoerder-bucht\/"]}]},{"@type":"ImageObject","inLanguage":"en-GB","@id":"https:\/\/eyeofthewind.net\/produkt\/vom-kattegat-zur-eckernfoerder-bucht\/#primaryimage","url":"https:\/\/eyeofthewind.net\/wp-content\/uploads\/2025\/09\/IMG_1238-1241pan-k.jpg","contentUrl":"https:\/\/eyeofthewind.net\/wp-content\/uploads\/2025\/09\/IMG_1238-1241pan-k.jpg","width":844,"height":768,"caption":"Vom Kattegat zur Eckernf\u00f6rder Bucht"},{"@type":"BreadcrumbList","@id":"https:\/\/eyeofthewind.net\/produkt\/vom-kattegat-zur-eckernfoerder-bucht\/#breadcrumb","itemListElement":[{"@type":"ListItem","position":1,"name":"Startseite","item":"https:\/\/eyeofthewind.net\/"},{"@type":"ListItem","position":2,"name":"Shop","item":"https:\/\/eyeofthewind.net\/shop\/"},{"@type":"ListItem","position":3,"name":"Vom Kattegat zur Eckernf\u00f6rder Bucht"}]},{"@type":"WebSite","@id":"https:\/\/eyeofthewind.net\/#website","url":"https:\/\/eyeofthewind.net\/","name":"Sailing Ship Charter &amp; Travelling - Eye of the Wind","description":"Sailing holidays with the Eye of the Wind: sailing trips between the Baltic Sea, Canary Islands and Caribbean. Anyone can sail with us! More about your sailing holiday.","publisher":{"@id":"https:\/\/eyeofthewind.net\/#organization"},"potentialAction":[{"@type":"SearchAction","target":{"@type":"EntryPoint","urlTemplate":"https:\/\/eyeofthewind.net\/?s={search_term_string}"},"query-input":{"@type":"PropertyValueSpecification","valueRequired":true,"valueName":"search_term_string"}}],"inLanguage":"en-GB"},{"@type":"Organization","@id":"https:\/\/eyeofthewind.net\/#organization","name":"Sailing Ship Charter &amp; Travelling - Eye of the Wind","url":"https:\/\/eyeofthewind.net\/","logo":{"@type":"ImageObject","inLanguage":"en-GB","@id":"https:\/\/eyeofthewind.net\/#\/schema\/logo\/image\/","url":"https:\/\/eyeofthewind.net\/wp-content\/uploads\/2024\/10\/L_Eye_weiss.svg","contentUrl":"https:\/\/eyeofthewind.net\/wp-content\/uploads\/2024\/10\/L_Eye_weiss.svg","width":202,"height":123,"caption":"Segelschiff Charter &amp; Reisen - Eye of the Wind"},"image":{"@id":"https:\/\/eyeofthewind.net\/#\/schema\/logo\/image\/"}}]}},"_links":{"self":[{"href":"https:\/\/eyeofthewind.net\/en\/wp-json\/wp\/v2\/product\/4443","targetHints":{"allow":["GET"]}}],"collection":[{"href":"https:\/\/eyeofthewind.net\/en\/wp-json\/wp\/v2\/product"}],"about":[{"href":"https:\/\/eyeofthewind.net\/en\/wp-json\/wp\/v2\/types\/product"}],"wp:featuredmedia":[{"embeddable":true,"href":"https:\/\/eyeofthewind.net\/en\/wp-json\/wp\/v2\/media\/4446"}],"wp:attachment":[{"href":"https:\/\/eyeofthewind.net\/en\/wp-json\/wp\/v2\/media?parent=4443"}],"wp:term":[{"taxonomy":"product_brand","embeddable":true,"href":"https:\/\/eyeofthewind.net\/en\/wp-json\/wp\/v2\/product_brand?post=4443"},{"taxonomy":"product_cat","embeddable":true,"href":"https:\/\/eyeofthewind.net\/en\/wp-json\/wp\/v2\/product_cat?post=4443"},{"taxonomy":"product_tag","embeddable":true,"href":"https:\/\/eyeofthewind.net\/en\/wp-json\/wp\/v2\/product_tag?post=4443"}],"curies":[{"name":"wp","href":"https:\/\/api.w.org\/{rel}","templated":true}]}}