{"id":4450,"date":"2025-09-10T09:30:04","date_gmt":"2025-09-10T07:30:04","guid":{"rendered":"https:\/\/eyeofthewind.net\/?post_type=product&#038;p=4450"},"modified":"2026-03-18T11:55:35","modified_gmt":"2026-03-18T10:55:35","slug":"bay-of-kiel-and-baltic-sea-fjord-schlei","status":"publish","type":"product","link":"https:\/\/eyeofthewind.net\/en\/produkt\/kieler-bucht-und-ostseefjord-schlei\/","title":{"rendered":"Kiel Bight and the Baltic Sea fjord Schlei"},"content":{"rendered":"<p class=\"translation-block\">Would you like to finally <strong>fulfil your dream of sailing on a windjammer<\/strong>? Are you still unsure whether you can really handle the gentle rocking of the waves? \u2013 This five-day trip is an excellent way to <strong>get a taste of traditional sailing<\/strong>! During the days on board, you will enjoy the comfort and excellent cuisine, experience authentic traditional seamanship and discover how it feels to go ashore in the evening after a day at sea. We will sail largely within sight of the mainland. From our <strong>berth in Eckernf\u00f6rde city harbour<\/strong>, we will sail <strong>along the Schleswig-Holstein Baltic Sea coast<\/strong> and into the <strong>Schlei fjord<\/strong> with opportunities to go ashore in the beautiful harbour towns of Maasholm or Kappeln. At this time of year, fresh early summer air is guaranteed here in the <strong>western Baltic Sea<\/strong>. The destination of this sailing trip is the Tiessenkai in <strong>Kiel-Holtenau, located on the western shore of the Kiel Fjord<\/strong>.<\/p>","protected":false},"excerpt":{"rendered":"<p>M\u00f6chten Sie sich Ihren Traum vom Windjammersegeln endlich erf\u00fcllen? Sind Sie noch unsicher, ob Sie das sanfte Schaukeln der Wellen wirklich gut vertragen? \u2013 Dieser F\u00fcnf-Tage-T\u00f6rn eignet sich hervorragend dazu, in die traditionelle Seefahrt unter Segeln einmal hinein zu schnuppern! W\u00e4hrend der Tage an Bord werden Sie den Komfort und die hervorragende Bordk\u00fcche genie\u00dfen, echtes [&hellip;]<\/p>\n","protected":false},"featured_media":4451,"template":"","meta":{"_acf_changed":false,"_vp_format_video_url":"","_vp_image_focal_point":[]},"product_brand":[],"product_cat":[15],"product_tag":[],"class_list":{"0":"post-4450","1":"product","2":"type-product","3":"status-publish","4":"has-post-thumbnail","6":"product_cat-unkategorisiert","8":"first","9":"instock","10":"virtual","11":"taxable","12":"purchasable","13":"product-type-simple"},"acf":[],"yoast_head":"<!-- This site is optimized with the Yoast SEO plugin v27.4 - https:\/\/yoast.com\/product\/yoast-seo-wordpress\/ -->\n<title>Kieler Bucht und Ostseefjord Schlei - Segelschiff Charter &amp; Reisen - Eye of the Wind<\/title>\n<meta name=\"description\" content=\"Kieler Bucht und Ostseefjord Schlei: Segelt\u00f6rn auf der Ostsee. Mitsegeln auf der Eye of the Wind von Eckernf\u00f6rde nach Kiel.\" \/>\n<meta name=\"robots\" content=\"index, follow, max-snippet:-1, max-image-preview:large, max-video-preview:-1\" \/>\n<link rel=\"canonical\" href=\"https:\/\/eyeofthewind.net\/en\/product\/bay-of-kiel-and-baltic-sea-fjord-schlei\/\" \/>\n<meta property=\"og:locale\" content=\"en_GB\" \/>\n<meta property=\"og:type\" content=\"article\" \/>\n<meta property=\"og:title\" content=\"Kieler Bucht und Ostseefjord Schlei - Segelschiff Charter &amp; Reisen - Eye of the Wind\" \/>\n<meta property=\"og:description\" content=\"Kieler Bucht und Ostseefjord Schlei: Segelt\u00f6rn auf der Ostsee. Mitsegeln auf der Eye of the Wind von Eckernf\u00f6rde nach Kiel.\" \/>\n<meta property=\"og:url\" content=\"https:\/\/eyeofthewind.net\/en\/product\/bay-of-kiel-and-baltic-sea-fjord-schlei\/\" \/>\n<meta property=\"og:site_name\" content=\"Segelschiff Charter &amp; Reisen - Eye of the Wind\" \/>\n<meta property=\"article:modified_time\" content=\"2026-03-18T10:55:35+00:00\" \/>\n<meta property=\"og:image\" content=\"https:\/\/eyeofthewind.net\/wp-content\/uploads\/2025\/09\/2018-08-02-EYE-OF-THE-WIND-Stralsund-07k.jpg\" \/>\n\t<meta property=\"og:image:width\" content=\"1024\" \/>\n\t<meta property=\"og:image:height\" content=\"740\" \/>\n\t<meta property=\"og:image:type\" content=\"image\/jpeg\" \/>\n<meta name=\"twitter:card\" content=\"summary_large_image\" \/>\n<meta name=\"twitter:label1\" content=\"Estimated reading time\" \/>\n\t<meta name=\"twitter:data1\" content=\"1 minute\" \/>\n<script type=\"application\/ld+json\" class=\"yoast-schema-graph\">{\"@context\":\"https:\\\/\\\/schema.org\",\"@graph\":[{\"@type\":\"WebPage\",\"@id\":\"https:\\\/\\\/eyeofthewind.net\\\/produkt\\\/kieler-bucht-und-ostseefjord-schlei\\\/\",\"url\":\"https:\\\/\\\/eyeofthewind.net\\\/produkt\\\/kieler-bucht-und-ostseefjord-schlei\\\/\",\"name\":\"Kieler Bucht und Ostseefjord Schlei - Segelschiff Charter &amp; Reisen - Eye of the Wind\",\"isPartOf\":{\"@id\":\"https:\\\/\\\/eyeofthewind.net\\\/#website\"},\"primaryImageOfPage\":{\"@id\":\"https:\\\/\\\/eyeofthewind.net\\\/produkt\\\/kieler-bucht-und-ostseefjord-schlei\\\/#primaryimage\"},\"image\":{\"@id\":\"https:\\\/\\\/eyeofthewind.net\\\/produkt\\\/kieler-bucht-und-ostseefjord-schlei\\\/#primaryimage\"},\"thumbnailUrl\":\"https:\\\/\\\/eyeofthewind.net\\\/wp-content\\\/uploads\\\/2025\\\/09\\\/2018-08-02-EYE-OF-THE-WIND-Stralsund-07k.jpg\",\"datePublished\":\"2025-09-10T07:30:04+00:00\",\"dateModified\":\"2026-03-18T10:55:35+00:00\",\"description\":\"Kieler Bucht und Ostseefjord Schlei: Segelt\u00f6rn auf der Ostsee. Mitsegeln auf der Eye of the Wind von Eckernf\u00f6rde nach Kiel.\",\"breadcrumb\":{\"@id\":\"https:\\\/\\\/eyeofthewind.net\\\/produkt\\\/kieler-bucht-und-ostseefjord-schlei\\\/#breadcrumb\"},\"inLanguage\":\"en-GB\",\"potentialAction\":[{\"@type\":\"ReadAction\",\"target\":[\"https:\\\/\\\/eyeofthewind.net\\\/produkt\\\/kieler-bucht-und-ostseefjord-schlei\\\/\"]}]},{\"@type\":\"ImageObject\",\"inLanguage\":\"en-GB\",\"@id\":\"https:\\\/\\\/eyeofthewind.net\\\/produkt\\\/kieler-bucht-und-ostseefjord-schlei\\\/#primaryimage\",\"url\":\"https:\\\/\\\/eyeofthewind.net\\\/wp-content\\\/uploads\\\/2025\\\/09\\\/2018-08-02-EYE-OF-THE-WIND-Stralsund-07k.jpg\",\"contentUrl\":\"https:\\\/\\\/eyeofthewind.net\\\/wp-content\\\/uploads\\\/2025\\\/09\\\/2018-08-02-EYE-OF-THE-WIND-Stralsund-07k.jpg\",\"width\":1024,\"height\":740,\"caption\":\"Kieler Bucht und Ostseefjord Schlei\"},{\"@type\":\"BreadcrumbList\",\"@id\":\"https:\\\/\\\/eyeofthewind.net\\\/produkt\\\/kieler-bucht-und-ostseefjord-schlei\\\/#breadcrumb\",\"itemListElement\":[{\"@type\":\"ListItem\",\"position\":1,\"name\":\"Startseite\",\"item\":\"https:\\\/\\\/eyeofthewind.net\\\/\"},{\"@type\":\"ListItem\",\"position\":2,\"name\":\"Shop\",\"item\":\"https:\\\/\\\/eyeofthewind.net\\\/shop\\\/\"},{\"@type\":\"ListItem\",\"position\":3,\"name\":\"Kieler Bucht und Ostseefjord Schlei\"}]},{\"@type\":\"WebSite\",\"@id\":\"https:\\\/\\\/eyeofthewind.net\\\/#website\",\"url\":\"https:\\\/\\\/eyeofthewind.net\\\/\",\"name\":\"Segelschiff Charter &amp; Reisen - Eye of the Wind\",\"description\":\"Segelurlaub mit der Eye of the Wind: Segelt\u00f6rns zwischen Ostsee, Kanaren und Karibik. Jeder kann mitsegeln! Mehr zu Ihrer Segelreise.\",\"publisher\":{\"@id\":\"https:\\\/\\\/eyeofthewind.net\\\/#organization\"},\"potentialAction\":[{\"@type\":\"SearchAction\",\"target\":{\"@type\":\"EntryPoint\",\"urlTemplate\":\"https:\\\/\\\/eyeofthewind.net\\\/?s={search_term_string}\"},\"query-input\":{\"@type\":\"PropertyValueSpecification\",\"valueRequired\":true,\"valueName\":\"search_term_string\"}}],\"inLanguage\":\"en-GB\"},{\"@type\":\"Organization\",\"@id\":\"https:\\\/\\\/eyeofthewind.net\\\/#organization\",\"name\":\"Segelschiff Charter &amp; Reisen - Eye of the Wind\",\"url\":\"https:\\\/\\\/eyeofthewind.net\\\/\",\"logo\":{\"@type\":\"ImageObject\",\"inLanguage\":\"en-GB\",\"@id\":\"https:\\\/\\\/eyeofthewind.net\\\/#\\\/schema\\\/logo\\\/image\\\/\",\"url\":\"https:\\\/\\\/eyeofthewind.net\\\/wp-content\\\/uploads\\\/2024\\\/10\\\/L_Eye_weiss.svg\",\"contentUrl\":\"https:\\\/\\\/eyeofthewind.net\\\/wp-content\\\/uploads\\\/2024\\\/10\\\/L_Eye_weiss.svg\",\"width\":202,\"height\":123,\"caption\":\"Segelschiff Charter &amp; Reisen - Eye of the Wind\"},\"image\":{\"@id\":\"https:\\\/\\\/eyeofthewind.net\\\/#\\\/schema\\\/logo\\\/image\\\/\"}}]}<\/script>\n<!-- \/ Yoast SEO plugin. -->","yoast_head_json":{"title":"Kiel Bay and Baltic Sea Fjord Schlei - Sailboat Charter &amp; Travel - Eye of the Wind","description":"Bay of Kiel and Baltic Sea fjord Schlei: Sailing trip on the Baltic Sea. Sailing on the Eye of the Wind from Eckernf\u00f6rde to Kiel.","robots":{"index":"index","follow":"follow","max-snippet":"max-snippet:-1","max-image-preview":"max-image-preview:large","max-video-preview":"max-video-preview:-1"},"canonical":"https:\/\/eyeofthewind.net\/en\/product\/bay-of-kiel-and-baltic-sea-fjord-schlei\/","og_locale":"en_GB","og_type":"article","og_title":"Kieler Bucht und Ostseefjord Schlei - Segelschiff Charter &amp; Reisen - Eye of the Wind","og_description":"Kieler Bucht und Ostseefjord Schlei: Segelt\u00f6rn auf der Ostsee. Mitsegeln auf der Eye of the Wind von Eckernf\u00f6rde nach Kiel.","og_url":"https:\/\/eyeofthewind.net\/en\/product\/bay-of-kiel-and-baltic-sea-fjord-schlei\/","og_site_name":"Segelschiff Charter &amp; Reisen - Eye of the Wind","article_modified_time":"2026-03-18T10:55:35+00:00","og_image":[{"width":1024,"height":740,"url":"https:\/\/eyeofthewind.net\/wp-content\/uploads\/2025\/09\/2018-08-02-EYE-OF-THE-WIND-Stralsund-07k.jpg","type":"image\/jpeg"}],"twitter_card":"summary_large_image","twitter_misc":{"Estimated reading time":"1 minute"},"schema":{"@context":"https:\/\/schema.org","@graph":[{"@type":"WebPage","@id":"https:\/\/eyeofthewind.net\/produkt\/kieler-bucht-und-ostseefjord-schlei\/","url":"https:\/\/eyeofthewind.net\/produkt\/kieler-bucht-und-ostseefjord-schlei\/","name":"Kiel Bay and Baltic Sea Fjord Schlei - Sailboat Charter &amp; Travel - Eye of the Wind","isPartOf":{"@id":"https:\/\/eyeofthewind.net\/#website"},"primaryImageOfPage":{"@id":"https:\/\/eyeofthewind.net\/produkt\/kieler-bucht-und-ostseefjord-schlei\/#primaryimage"},"image":{"@id":"https:\/\/eyeofthewind.net\/produkt\/kieler-bucht-und-ostseefjord-schlei\/#primaryimage"},"thumbnailUrl":"https:\/\/eyeofthewind.net\/wp-content\/uploads\/2025\/09\/2018-08-02-EYE-OF-THE-WIND-Stralsund-07k.jpg","datePublished":"2025-09-10T07:30:04+00:00","dateModified":"2026-03-18T10:55:35+00:00","description":"Bay of Kiel and Baltic Sea fjord Schlei: Sailing trip on the Baltic Sea. Sailing on the Eye of the Wind from Eckernf\u00f6rde to Kiel.","breadcrumb":{"@id":"https:\/\/eyeofthewind.net\/produkt\/kieler-bucht-und-ostseefjord-schlei\/#breadcrumb"},"inLanguage":"en-GB","potentialAction":[{"@type":"ReadAction","target":["https:\/\/eyeofthewind.net\/produkt\/kieler-bucht-und-ostseefjord-schlei\/"]}]},{"@type":"ImageObject","inLanguage":"en-GB","@id":"https:\/\/eyeofthewind.net\/produkt\/kieler-bucht-und-ostseefjord-schlei\/#primaryimage","url":"https:\/\/eyeofthewind.net\/wp-content\/uploads\/2025\/09\/2018-08-02-EYE-OF-THE-WIND-Stralsund-07k.jpg","contentUrl":"https:\/\/eyeofthewind.net\/wp-content\/uploads\/2025\/09\/2018-08-02-EYE-OF-THE-WIND-Stralsund-07k.jpg","width":1024,"height":740,"caption":"Kieler Bucht und Ostseefjord Schlei"},{"@type":"BreadcrumbList","@id":"https:\/\/eyeofthewind.net\/produkt\/kieler-bucht-und-ostseefjord-schlei\/#breadcrumb","itemListElement":[{"@type":"ListItem","position":1,"name":"Startseite","item":"https:\/\/eyeofthewind.net\/"},{"@type":"ListItem","position":2,"name":"Shop","item":"https:\/\/eyeofthewind.net\/shop\/"},{"@type":"ListItem","position":3,"name":"Kieler Bucht und Ostseefjord Schlei"}]},{"@type":"WebSite","@id":"https:\/\/eyeofthewind.net\/#website","url":"https:\/\/eyeofthewind.net\/","name":"Sailing Ship Charter &amp; Travelling - Eye of the Wind","description":"Sailing holidays with the Eye of the Wind: sailing trips between the Baltic Sea, Canary Islands and Caribbean. Anyone can sail with us! More about your sailing holiday.","publisher":{"@id":"https:\/\/eyeofthewind.net\/#organization"},"potentialAction":[{"@type":"SearchAction","target":{"@type":"EntryPoint","urlTemplate":"https:\/\/eyeofthewind.net\/?s={search_term_string}"},"query-input":{"@type":"PropertyValueSpecification","valueRequired":true,"valueName":"search_term_string"}}],"inLanguage":"en-GB"},{"@type":"Organization","@id":"https:\/\/eyeofthewind.net\/#organization","name":"Sailing Ship Charter &amp; Travelling - Eye of the Wind","url":"https:\/\/eyeofthewind.net\/","logo":{"@type":"ImageObject","inLanguage":"en-GB","@id":"https:\/\/eyeofthewind.net\/#\/schema\/logo\/image\/","url":"https:\/\/eyeofthewind.net\/wp-content\/uploads\/2024\/10\/L_Eye_weiss.svg","contentUrl":"https:\/\/eyeofthewind.net\/wp-content\/uploads\/2024\/10\/L_Eye_weiss.svg","width":202,"height":123,"caption":"Segelschiff Charter &amp; Reisen - Eye of the Wind"},"image":{"@id":"https:\/\/eyeofthewind.net\/#\/schema\/logo\/image\/"}}]}},"_links":{"self":[{"href":"https:\/\/eyeofthewind.net\/en\/wp-json\/wp\/v2\/product\/4450","targetHints":{"allow":["GET"]}}],"collection":[{"href":"https:\/\/eyeofthewind.net\/en\/wp-json\/wp\/v2\/product"}],"about":[{"href":"https:\/\/eyeofthewind.net\/en\/wp-json\/wp\/v2\/types\/product"}],"wp:featuredmedia":[{"embeddable":true,"href":"https:\/\/eyeofthewind.net\/en\/wp-json\/wp\/v2\/media\/4451"}],"wp:attachment":[{"href":"https:\/\/eyeofthewind.net\/en\/wp-json\/wp\/v2\/media?parent=4450"}],"wp:term":[{"taxonomy":"product_brand","embeddable":true,"href":"https:\/\/eyeofthewind.net\/en\/wp-json\/wp\/v2\/product_brand?post=4450"},{"taxonomy":"product_cat","embeddable":true,"href":"https:\/\/eyeofthewind.net\/en\/wp-json\/wp\/v2\/product_cat?post=4450"},{"taxonomy":"product_tag","embeddable":true,"href":"https:\/\/eyeofthewind.net\/en\/wp-json\/wp\/v2\/product_tag?post=4450"}],"curies":[{"name":"wp","href":"https:\/\/api.w.org\/{rel}","templated":true}]}}