{"id":4486,"date":"2025-09-10T12:06:20","date_gmt":"2025-09-10T10:06:20","guid":{"rendered":"https:\/\/eyeofthewind.net\/?post_type=product&#038;p=4486"},"modified":"2026-03-02T14:13:01","modified_gmt":"2026-03-02T13:13:01","slug":"kiel-week-evening-trip-with-overnight-stay-c","status":"publish","type":"product","link":"https:\/\/eyeofthewind.net\/en\/produkt\/kieler-woche-abendfahrt-mit-uebernachtung-c\/","title":{"rendered":"Kiel Sailing Week: evening cruise (with overnight stay)"},"content":{"rendered":"<p class=\"translation-block\">On board the <strong>two-masted Eye of the Wind<\/strong>, you can enjoy an exciting time at sea and a delicious dinner in a maritime atmosphere. After a welcome drink, it's time to cast off for a <strong>leisurely evening cruise along the most beautiful spots on the Kiel Fjord in summer<\/strong>.<\/p>\n<p class=\"translation-block\">After the daily sailing regattas have ended, calm gradually descends on the Kiel Fjord in the evening hours. There is still plenty to <strong>discover on the water and along the shore<\/strong>: the submarine memorial at Heikendorf on the eastern shore of the fjord, the green and white Friedrichsort lighthouse and the naval memorial at Laboe are the unmissable landmarks on our <strong>evening trip out to sea<\/strong>. We set course for the Kiel lighthouse, which serves as a navigation mark for all ships approaching Kiel from the open Baltic Sea. From the very beginning, you are welcome to <strong>actively participate in setting the sails<\/strong> \u2013 always <strong>on a voluntary basis and under the guidance of our <a href=\"\/en\/crew\/\" target=\"_self\">experienced crew<\/a><\/strong>. On the way, our galley will spoil you with a delicious dinner.<\/p>\n<p class=\"translation-block\">We now sail in a wide loop past the <strong>lighthouses of B\u00fclk, Friedrichsort and Holtenau<\/strong>. The last rays of daylight fall on the beaches of Heikendorf and Laboe on the eastern shore, and a sea of lights consisting of red, green and white dots marks the <strong>entrance to the Kiel Canal<\/strong>. After four to five hours, our little sea voyage ends at Tiessenkai.<\/p>\n<p class=\"translation-block\">You <strong>spend the night on board<\/strong> in an air-conditioned double cabin. Enjoy your delicious <strong>breakfast<\/strong> the next morning in the midst of the awakening harbour scene.<\/p>\n<p class=\"translation-block\">The evening trip on Thursday can be booked <a href=\"\/en\/product\/kieler-woche-evening-cruise-on-the-foerde-c\/\" target=\"_self\">without an overnight stay<\/a> if desired.<\/p>","protected":false},"excerpt":{"rendered":"<p>An Bord des Zweimasters Eye of the Wind genie\u00dfen Sie erlebnisreiche Stunden auf See und ein leckeres Abendessen im maritimen Ambiente. Nach einem Begr\u00fc\u00dfungsgetr\u00e4nk hei\u00dft es \u201eLeinen los!\u201c zu einer gem\u00fctlichen Abendfahrt entlang der sch\u00f6nsten Pl\u00e4tze an der sommerlichen Kieler F\u00f6rde. Nach dem Abschluss der t\u00e4glichen Segelregatten legt sich in den Abendstunden allm\u00e4hlich Ruhe \u00fcber [&hellip;]<\/p>\n","protected":false},"featured_media":4468,"template":"","meta":{"_acf_changed":false,"_vp_format_video_url":"","_vp_image_focal_point":[]},"product_brand":[],"product_cat":[15],"product_tag":[],"class_list":{"0":"post-4486","1":"product","2":"type-product","3":"status-publish","4":"has-post-thumbnail","6":"product_cat-unkategorisiert","8":"first","9":"instock","10":"virtual","11":"taxable","12":"purchasable","13":"product-type-simple"},"acf":[],"yoast_head":"<!-- This site is optimized with the Yoast SEO plugin v27.4 - https:\/\/yoast.com\/product\/yoast-seo-wordpress\/ -->\n<title>Kieler Woche: Abendfahrt (mit \u00dcbernachtung) - Segelschiff Charter &amp; Reisen - Eye of the Wind<\/title>\n<meta name=\"description\" content=\"Kieler Woche: Abendfahrt auf der F\u00f6rde. Segelt\u00f6rn mit der Eye of the Wind, Start- und Zielhafen Kiel, inkl. Verpflegung, mit \u00dcbernachtung und Fr\u00fchst\u00fcck\" \/>\n<meta name=\"robots\" content=\"index, follow, max-snippet:-1, max-image-preview:large, max-video-preview:-1\" \/>\n<link rel=\"canonical\" href=\"https:\/\/eyeofthewind.net\/en\/product\/kiel-week-evening-trip-with-overnight-stay-c\/\" \/>\n<meta property=\"og:locale\" content=\"en_GB\" \/>\n<meta property=\"og:type\" content=\"article\" \/>\n<meta property=\"og:title\" content=\"Kieler Woche: Abendfahrt (mit \u00dcbernachtung) - Segelschiff Charter &amp; Reisen - Eye of the Wind\" \/>\n<meta property=\"og:description\" content=\"Kieler Woche: Abendfahrt auf der F\u00f6rde. Segelt\u00f6rn mit der Eye of the Wind, Start- und Zielhafen Kiel, inkl. Verpflegung, mit \u00dcbernachtung und Fr\u00fchst\u00fcck\" \/>\n<meta property=\"og:url\" content=\"https:\/\/eyeofthewind.net\/en\/product\/kiel-week-evening-trip-with-overnight-stay-c\/\" \/>\n<meta property=\"og:site_name\" content=\"Segelschiff Charter &amp; Reisen - Eye of the Wind\" \/>\n<meta property=\"article:modified_time\" content=\"2026-03-02T13:13:01+00:00\" \/>\n<meta property=\"og:image\" content=\"https:\/\/eyeofthewind.net\/wp-content\/uploads\/2025\/09\/HanseSail2012-Rostock-071-scaled.jpg\" \/>\n\t<meta property=\"og:image:width\" content=\"2560\" \/>\n\t<meta property=\"og:image:height\" content=\"1849\" \/>\n\t<meta property=\"og:image:type\" content=\"image\/jpeg\" \/>\n<meta name=\"twitter:card\" content=\"summary_large_image\" \/>\n<meta name=\"twitter:label1\" content=\"Estimated reading time\" \/>\n\t<meta name=\"twitter:data1\" content=\"2 minutes\" \/>\n<script type=\"application\/ld+json\" class=\"yoast-schema-graph\">{\"@context\":\"https:\\\/\\\/schema.org\",\"@graph\":[{\"@type\":\"WebPage\",\"@id\":\"https:\\\/\\\/eyeofthewind.net\\\/produkt\\\/kieler-woche-abendfahrt-mit-uebernachtung-c\\\/\",\"url\":\"https:\\\/\\\/eyeofthewind.net\\\/produkt\\\/kieler-woche-abendfahrt-mit-uebernachtung-c\\\/\",\"name\":\"Kieler Woche: Abendfahrt (mit \u00dcbernachtung) - Segelschiff Charter &amp; Reisen - Eye of the Wind\",\"isPartOf\":{\"@id\":\"https:\\\/\\\/eyeofthewind.net\\\/#website\"},\"primaryImageOfPage\":{\"@id\":\"https:\\\/\\\/eyeofthewind.net\\\/produkt\\\/kieler-woche-abendfahrt-mit-uebernachtung-c\\\/#primaryimage\"},\"image\":{\"@id\":\"https:\\\/\\\/eyeofthewind.net\\\/produkt\\\/kieler-woche-abendfahrt-mit-uebernachtung-c\\\/#primaryimage\"},\"thumbnailUrl\":\"https:\\\/\\\/eyeofthewind.net\\\/wp-content\\\/uploads\\\/2025\\\/09\\\/HanseSail2012-Rostock-071-scaled.jpg\",\"datePublished\":\"2025-09-10T10:06:20+00:00\",\"dateModified\":\"2026-03-02T13:13:01+00:00\",\"description\":\"Kieler Woche: Abendfahrt auf der F\u00f6rde. Segelt\u00f6rn mit der Eye of the Wind, Start- und Zielhafen Kiel, inkl. Verpflegung, mit \u00dcbernachtung und Fr\u00fchst\u00fcck\",\"breadcrumb\":{\"@id\":\"https:\\\/\\\/eyeofthewind.net\\\/produkt\\\/kieler-woche-abendfahrt-mit-uebernachtung-c\\\/#breadcrumb\"},\"inLanguage\":\"en-GB\",\"potentialAction\":[{\"@type\":\"ReadAction\",\"target\":[\"https:\\\/\\\/eyeofthewind.net\\\/produkt\\\/kieler-woche-abendfahrt-mit-uebernachtung-c\\\/\"]}]},{\"@type\":\"ImageObject\",\"inLanguage\":\"en-GB\",\"@id\":\"https:\\\/\\\/eyeofthewind.net\\\/produkt\\\/kieler-woche-abendfahrt-mit-uebernachtung-c\\\/#primaryimage\",\"url\":\"https:\\\/\\\/eyeofthewind.net\\\/wp-content\\\/uploads\\\/2025\\\/09\\\/HanseSail2012-Rostock-071-scaled.jpg\",\"contentUrl\":\"https:\\\/\\\/eyeofthewind.net\\\/wp-content\\\/uploads\\\/2025\\\/09\\\/HanseSail2012-Rostock-071-scaled.jpg\",\"width\":2560,\"height\":1849,\"caption\":\"Kieler Woche: Abendfahrt auf der F\u00f6rde\"},{\"@type\":\"BreadcrumbList\",\"@id\":\"https:\\\/\\\/eyeofthewind.net\\\/produkt\\\/kieler-woche-abendfahrt-mit-uebernachtung-c\\\/#breadcrumb\",\"itemListElement\":[{\"@type\":\"ListItem\",\"position\":1,\"name\":\"Startseite\",\"item\":\"https:\\\/\\\/eyeofthewind.net\\\/\"},{\"@type\":\"ListItem\",\"position\":2,\"name\":\"Shop\",\"item\":\"https:\\\/\\\/eyeofthewind.net\\\/shop\\\/\"},{\"@type\":\"ListItem\",\"position\":3,\"name\":\"Kieler Woche: Abendfahrt (mit \u00dcbernachtung)\"}]},{\"@type\":\"WebSite\",\"@id\":\"https:\\\/\\\/eyeofthewind.net\\\/#website\",\"url\":\"https:\\\/\\\/eyeofthewind.net\\\/\",\"name\":\"Segelschiff Charter &amp; Reisen - Eye of the Wind\",\"description\":\"Segelurlaub mit der Eye of the Wind: Segelt\u00f6rns zwischen Ostsee, Kanaren und Karibik. Jeder kann mitsegeln! Mehr zu Ihrer Segelreise.\",\"publisher\":{\"@id\":\"https:\\\/\\\/eyeofthewind.net\\\/#organization\"},\"potentialAction\":[{\"@type\":\"SearchAction\",\"target\":{\"@type\":\"EntryPoint\",\"urlTemplate\":\"https:\\\/\\\/eyeofthewind.net\\\/?s={search_term_string}\"},\"query-input\":{\"@type\":\"PropertyValueSpecification\",\"valueRequired\":true,\"valueName\":\"search_term_string\"}}],\"inLanguage\":\"en-GB\"},{\"@type\":\"Organization\",\"@id\":\"https:\\\/\\\/eyeofthewind.net\\\/#organization\",\"name\":\"Segelschiff Charter &amp; Reisen - Eye of the Wind\",\"url\":\"https:\\\/\\\/eyeofthewind.net\\\/\",\"logo\":{\"@type\":\"ImageObject\",\"inLanguage\":\"en-GB\",\"@id\":\"https:\\\/\\\/eyeofthewind.net\\\/#\\\/schema\\\/logo\\\/image\\\/\",\"url\":\"https:\\\/\\\/eyeofthewind.net\\\/wp-content\\\/uploads\\\/2024\\\/10\\\/L_Eye_weiss.svg\",\"contentUrl\":\"https:\\\/\\\/eyeofthewind.net\\\/wp-content\\\/uploads\\\/2024\\\/10\\\/L_Eye_weiss.svg\",\"width\":202,\"height\":123,\"caption\":\"Segelschiff Charter &amp; Reisen - Eye of the Wind\"},\"image\":{\"@id\":\"https:\\\/\\\/eyeofthewind.net\\\/#\\\/schema\\\/logo\\\/image\\\/\"}}]}<\/script>\n<!-- \/ Yoast SEO plugin. -->","yoast_head_json":{"title":"Kieler Woche: Evening cruise (with overnight stay) - Segelschiff Charter &amp; Reisen - Eye of the Wind","description":"Kieler Woche: Evening cruise on the fjord. Sailing trip with the Eye of the Wind, starting and finishing harbour Kiel, incl. catering, with overnight stay and breakfast","robots":{"index":"index","follow":"follow","max-snippet":"max-snippet:-1","max-image-preview":"max-image-preview:large","max-video-preview":"max-video-preview:-1"},"canonical":"https:\/\/eyeofthewind.net\/en\/product\/kiel-week-evening-trip-with-overnight-stay-c\/","og_locale":"en_GB","og_type":"article","og_title":"Kieler Woche: Abendfahrt (mit \u00dcbernachtung) - Segelschiff Charter &amp; Reisen - Eye of the Wind","og_description":"Kieler Woche: Abendfahrt auf der F\u00f6rde. Segelt\u00f6rn mit der Eye of the Wind, Start- und Zielhafen Kiel, inkl. Verpflegung, mit \u00dcbernachtung und Fr\u00fchst\u00fcck","og_url":"https:\/\/eyeofthewind.net\/en\/product\/kiel-week-evening-trip-with-overnight-stay-c\/","og_site_name":"Segelschiff Charter &amp; Reisen - Eye of the Wind","article_modified_time":"2026-03-02T13:13:01+00:00","og_image":[{"width":2560,"height":1849,"url":"https:\/\/eyeofthewind.net\/wp-content\/uploads\/2025\/09\/HanseSail2012-Rostock-071-scaled.jpg","type":"image\/jpeg"}],"twitter_card":"summary_large_image","twitter_misc":{"Estimated reading time":"2 minutes"},"schema":{"@context":"https:\/\/schema.org","@graph":[{"@type":"WebPage","@id":"https:\/\/eyeofthewind.net\/produkt\/kieler-woche-abendfahrt-mit-uebernachtung-c\/","url":"https:\/\/eyeofthewind.net\/produkt\/kieler-woche-abendfahrt-mit-uebernachtung-c\/","name":"Kieler Woche: Evening cruise (with overnight stay) - Segelschiff Charter &amp; Reisen - Eye of the Wind","isPartOf":{"@id":"https:\/\/eyeofthewind.net\/#website"},"primaryImageOfPage":{"@id":"https:\/\/eyeofthewind.net\/produkt\/kieler-woche-abendfahrt-mit-uebernachtung-c\/#primaryimage"},"image":{"@id":"https:\/\/eyeofthewind.net\/produkt\/kieler-woche-abendfahrt-mit-uebernachtung-c\/#primaryimage"},"thumbnailUrl":"https:\/\/eyeofthewind.net\/wp-content\/uploads\/2025\/09\/HanseSail2012-Rostock-071-scaled.jpg","datePublished":"2025-09-10T10:06:20+00:00","dateModified":"2026-03-02T13:13:01+00:00","description":"Kieler Woche: Evening cruise on the fjord. Sailing trip with the Eye of the Wind, starting and finishing harbour Kiel, incl. catering, with overnight stay and breakfast","breadcrumb":{"@id":"https:\/\/eyeofthewind.net\/produkt\/kieler-woche-abendfahrt-mit-uebernachtung-c\/#breadcrumb"},"inLanguage":"en-GB","potentialAction":[{"@type":"ReadAction","target":["https:\/\/eyeofthewind.net\/produkt\/kieler-woche-abendfahrt-mit-uebernachtung-c\/"]}]},{"@type":"ImageObject","inLanguage":"en-GB","@id":"https:\/\/eyeofthewind.net\/produkt\/kieler-woche-abendfahrt-mit-uebernachtung-c\/#primaryimage","url":"https:\/\/eyeofthewind.net\/wp-content\/uploads\/2025\/09\/HanseSail2012-Rostock-071-scaled.jpg","contentUrl":"https:\/\/eyeofthewind.net\/wp-content\/uploads\/2025\/09\/HanseSail2012-Rostock-071-scaled.jpg","width":2560,"height":1849,"caption":"Kieler Woche: Abendfahrt auf der F\u00f6rde"},{"@type":"BreadcrumbList","@id":"https:\/\/eyeofthewind.net\/produkt\/kieler-woche-abendfahrt-mit-uebernachtung-c\/#breadcrumb","itemListElement":[{"@type":"ListItem","position":1,"name":"Startseite","item":"https:\/\/eyeofthewind.net\/"},{"@type":"ListItem","position":2,"name":"Shop","item":"https:\/\/eyeofthewind.net\/shop\/"},{"@type":"ListItem","position":3,"name":"Kieler Woche: Abendfahrt (mit \u00dcbernachtung)"}]},{"@type":"WebSite","@id":"https:\/\/eyeofthewind.net\/#website","url":"https:\/\/eyeofthewind.net\/","name":"Sailing Ship Charter &amp; Travelling - Eye of the Wind","description":"Sailing holidays with the Eye of the Wind: sailing trips between the Baltic Sea, Canary Islands and Caribbean. Anyone can sail with us! More about your sailing holiday.","publisher":{"@id":"https:\/\/eyeofthewind.net\/#organization"},"potentialAction":[{"@type":"SearchAction","target":{"@type":"EntryPoint","urlTemplate":"https:\/\/eyeofthewind.net\/?s={search_term_string}"},"query-input":{"@type":"PropertyValueSpecification","valueRequired":true,"valueName":"search_term_string"}}],"inLanguage":"en-GB"},{"@type":"Organization","@id":"https:\/\/eyeofthewind.net\/#organization","name":"Sailing Ship Charter &amp; Travelling - Eye of the Wind","url":"https:\/\/eyeofthewind.net\/","logo":{"@type":"ImageObject","inLanguage":"en-GB","@id":"https:\/\/eyeofthewind.net\/#\/schema\/logo\/image\/","url":"https:\/\/eyeofthewind.net\/wp-content\/uploads\/2024\/10\/L_Eye_weiss.svg","contentUrl":"https:\/\/eyeofthewind.net\/wp-content\/uploads\/2024\/10\/L_Eye_weiss.svg","width":202,"height":123,"caption":"Segelschiff Charter &amp; Reisen - Eye of the Wind"},"image":{"@id":"https:\/\/eyeofthewind.net\/#\/schema\/logo\/image\/"}}]}},"_links":{"self":[{"href":"https:\/\/eyeofthewind.net\/en\/wp-json\/wp\/v2\/product\/4486","targetHints":{"allow":["GET"]}}],"collection":[{"href":"https:\/\/eyeofthewind.net\/en\/wp-json\/wp\/v2\/product"}],"about":[{"href":"https:\/\/eyeofthewind.net\/en\/wp-json\/wp\/v2\/types\/product"}],"wp:featuredmedia":[{"embeddable":true,"href":"https:\/\/eyeofthewind.net\/en\/wp-json\/wp\/v2\/media\/4468"}],"wp:attachment":[{"href":"https:\/\/eyeofthewind.net\/en\/wp-json\/wp\/v2\/media?parent=4486"}],"wp:term":[{"taxonomy":"product_brand","embeddable":true,"href":"https:\/\/eyeofthewind.net\/en\/wp-json\/wp\/v2\/product_brand?post=4486"},{"taxonomy":"product_cat","embeddable":true,"href":"https:\/\/eyeofthewind.net\/en\/wp-json\/wp\/v2\/product_cat?post=4486"},{"taxonomy":"product_tag","embeddable":true,"href":"https:\/\/eyeofthewind.net\/en\/wp-json\/wp\/v2\/product_tag?post=4486"}],"curies":[{"name":"wp","href":"https:\/\/api.w.org\/{rel}","templated":true}]}}