{"id":4505,"date":"2025-09-10T18:39:47","date_gmt":"2025-09-10T16:39:47","guid":{"rendered":"https:\/\/eyeofthewind.net\/?post_type=product&#038;p=4505"},"modified":"2026-04-13T13:17:11","modified_gmt":"2026-04-13T11:17:11","slug":"kieler-woche-day-trip-on-the-foerde-copy","status":"publish","type":"product","link":"https:\/\/eyeofthewind.net\/en\/produkt\/kieler-woche-tagesfahrt-auf-der-foerde-kopie\/","title":{"rendered":"Kiel Sailing Week: day trip on the fjord"},"content":{"rendered":"<p class=\"translation-block\">A <strong>day trip lasting several hours<\/strong> on the historic tall ship <strong>Eye of the Wind<\/strong> offers you the most beautiful view of the colourful hustle and bustle on land and the <strong>natural beauty of the fjord landscape<\/strong>. We bring you closer to the regatta field of the sports sailors \u2013 there you can watch the professionals competing for positions while tacking and manoeuvring.<\/p>\n<p class=\"translation-block\">Over a <strong>welcome drink<\/strong>, you will get to know your fellow passengers for the day. Or <strong>bring your family and friends on board with you<\/strong> and enjoy an eventful day together on one of the last original tall ships of our time.<\/p>\n<p class=\"translation-block\">There is much to discover on the water and along the shores: the submarine memorial near Heikendorf on the eastern shore of the fjord, the green and white Friedrichsort lighthouse and the naval memorial near Laboe are the unmissable landmarks on our way out to sea. From the very beginning, you can <strong>actively participate in setting the sails<\/strong> \u2013 always <strong>voluntarily and under the guidance of the <a href=\"\/en\/crew\/\" target=\"_self\">experienced crew<\/a><\/strong>. Meanwhile, a <strong>delicious meal<\/strong> provides the necessary sustenance, because sea air makes you hungry. In the stylish ambience of the saloon or on the open sun deck of the Eye of the Wind, you can enjoy our delicious on-board cuisine while watching the never-ending stream of boats and ships pass by. The <strong>lighthouse at the exit of Kiel Bight<\/strong> marks the turning point for our early summer excursion. In the increasingly dense traffic of pilot boats and fjord ferries darting back and forth, we gradually make our way back to our<strong> berth at Tiessenkai<\/strong>. The approach to the Holtenau lighthouse soon heralds the end of the day's trip.<\/p>\n<p><strong>Price for children and young people up to 14 years = 75 euros.<br \/>\nAdults and young people older than 14 years = 150 euros.<\/strong><\/p>","protected":false},"excerpt":{"rendered":"<p>Eine mehrst\u00fcndige Tagesfahrt auf dem historischen Windjammer Eye of the Wind bietet Ihnen den sch\u00f6nsten Blick auf das bunte Treiben an Land und auf die Natursch\u00f6nheit der F\u00f6rdelandschaft. Wir bringen Sie n\u00e4her heran an das Regattafeld der Sportsegler \u2013 dort sehen Sie den Profis im Wettkampf um die Platzierungen beim Wenden und Man\u00f6vrieren zu. Bei [&hellip;]<\/p>\n","protected":false},"featured_media":4508,"template":"","meta":{"_acf_changed":false,"_vp_format_video_url":"","_vp_image_focal_point":[]},"product_brand":[],"product_cat":[15],"product_tag":[],"class_list":{"0":"post-4505","1":"product","2":"type-product","3":"status-publish","4":"has-post-thumbnail","6":"product_cat-unkategorisiert","8":"first","9":"instock","10":"taxable","11":"shipping-taxable","12":"purchasable","13":"product-type-variable"},"acf":[],"yoast_head":"<!-- This site is optimized with the Yoast SEO plugin v27.4 - https:\/\/yoast.com\/product\/yoast-seo-wordpress\/ -->\n<title>Kieler Woche: Tagesfahrt auf der F\u00f6rde - Segelschiff Charter &amp; Reisen - Eye of the Wind<\/title>\n<meta name=\"description\" content=\"Kieler Woche: Tagesfahrt auf der F\u00f6rde. Ostsee-Segelt\u00f6rn mit der Eye of the Wind, Start- und Zielhafen Kiel, inkl. Verpflegung\" \/>\n<meta name=\"robots\" content=\"index, follow, max-snippet:-1, max-image-preview:large, max-video-preview:-1\" \/>\n<link rel=\"canonical\" href=\"https:\/\/eyeofthewind.net\/en\/product\/kieler-woche-day-trip-on-the-foerde-copy\/\" \/>\n<meta property=\"og:locale\" content=\"en_GB\" \/>\n<meta property=\"og:type\" content=\"article\" \/>\n<meta property=\"og:title\" content=\"Kieler Woche: Tagesfahrt auf der F\u00f6rde - Segelschiff Charter &amp; Reisen - Eye of the Wind\" \/>\n<meta property=\"og:description\" content=\"Kieler Woche: Tagesfahrt auf der F\u00f6rde. Ostsee-Segelt\u00f6rn mit der Eye of the Wind, Start- und Zielhafen Kiel, inkl. Verpflegung\" \/>\n<meta property=\"og:url\" content=\"https:\/\/eyeofthewind.net\/en\/product\/kieler-woche-day-trip-on-the-foerde-copy\/\" \/>\n<meta property=\"og:site_name\" content=\"Segelschiff Charter &amp; Reisen - Eye of the Wind\" \/>\n<meta property=\"article:modified_time\" content=\"2026-04-13T11:17:11+00:00\" \/>\n<meta property=\"og:image\" content=\"https:\/\/eyeofthewind.net\/wp-content\/uploads\/2025\/09\/Kieler_Woche_Icon.jpg\" \/>\n\t<meta property=\"og:image:width\" content=\"1751\" \/>\n\t<meta property=\"og:image:height\" content=\"1265\" \/>\n\t<meta property=\"og:image:type\" content=\"image\/jpeg\" \/>\n<meta name=\"twitter:card\" content=\"summary_large_image\" \/>\n<meta name=\"twitter:label1\" content=\"Estimated reading time\" \/>\n\t<meta name=\"twitter:data1\" content=\"2 minutes\" \/>\n<script type=\"application\/ld+json\" class=\"yoast-schema-graph\">{\"@context\":\"https:\\\/\\\/schema.org\",\"@graph\":[{\"@type\":\"WebPage\",\"@id\":\"https:\\\/\\\/eyeofthewind.net\\\/produkt\\\/kieler-woche-tagesfahrt-auf-der-foerde-kopie\\\/\",\"url\":\"https:\\\/\\\/eyeofthewind.net\\\/produkt\\\/kieler-woche-tagesfahrt-auf-der-foerde-kopie\\\/\",\"name\":\"Kieler Woche: Tagesfahrt auf der F\u00f6rde - Segelschiff Charter &amp; Reisen - Eye of the Wind\",\"isPartOf\":{\"@id\":\"https:\\\/\\\/eyeofthewind.net\\\/#website\"},\"primaryImageOfPage\":{\"@id\":\"https:\\\/\\\/eyeofthewind.net\\\/produkt\\\/kieler-woche-tagesfahrt-auf-der-foerde-kopie\\\/#primaryimage\"},\"image\":{\"@id\":\"https:\\\/\\\/eyeofthewind.net\\\/produkt\\\/kieler-woche-tagesfahrt-auf-der-foerde-kopie\\\/#primaryimage\"},\"thumbnailUrl\":\"https:\\\/\\\/eyeofthewind.net\\\/wp-content\\\/uploads\\\/2025\\\/09\\\/Kieler_Woche_Icon.jpg\",\"datePublished\":\"2025-09-10T16:39:47+00:00\",\"dateModified\":\"2026-04-13T11:17:11+00:00\",\"description\":\"Kieler Woche: Tagesfahrt auf der F\u00f6rde. Ostsee-Segelt\u00f6rn mit der Eye of the Wind, Start- und Zielhafen Kiel, inkl. Verpflegung\",\"breadcrumb\":{\"@id\":\"https:\\\/\\\/eyeofthewind.net\\\/produkt\\\/kieler-woche-tagesfahrt-auf-der-foerde-kopie\\\/#breadcrumb\"},\"inLanguage\":\"en-GB\",\"potentialAction\":[{\"@type\":\"ReadAction\",\"target\":[\"https:\\\/\\\/eyeofthewind.net\\\/produkt\\\/kieler-woche-tagesfahrt-auf-der-foerde-kopie\\\/\"]}]},{\"@type\":\"ImageObject\",\"inLanguage\":\"en-GB\",\"@id\":\"https:\\\/\\\/eyeofthewind.net\\\/produkt\\\/kieler-woche-tagesfahrt-auf-der-foerde-kopie\\\/#primaryimage\",\"url\":\"https:\\\/\\\/eyeofthewind.net\\\/wp-content\\\/uploads\\\/2025\\\/09\\\/Kieler_Woche_Icon.jpg\",\"contentUrl\":\"https:\\\/\\\/eyeofthewind.net\\\/wp-content\\\/uploads\\\/2025\\\/09\\\/Kieler_Woche_Icon.jpg\",\"width\":1751,\"height\":1265,\"caption\":\"Kieler Woche: Tagesfahrt auf der F\u00f6rde\"},{\"@type\":\"BreadcrumbList\",\"@id\":\"https:\\\/\\\/eyeofthewind.net\\\/produkt\\\/kieler-woche-tagesfahrt-auf-der-foerde-kopie\\\/#breadcrumb\",\"itemListElement\":[{\"@type\":\"ListItem\",\"position\":1,\"name\":\"Startseite\",\"item\":\"https:\\\/\\\/eyeofthewind.net\\\/\"},{\"@type\":\"ListItem\",\"position\":2,\"name\":\"Shop\",\"item\":\"https:\\\/\\\/eyeofthewind.net\\\/shop\\\/\"},{\"@type\":\"ListItem\",\"position\":3,\"name\":\"Kieler Woche: Tagesfahrt auf der F\u00f6rde\"}]},{\"@type\":\"WebSite\",\"@id\":\"https:\\\/\\\/eyeofthewind.net\\\/#website\",\"url\":\"https:\\\/\\\/eyeofthewind.net\\\/\",\"name\":\"Segelschiff Charter &amp; Reisen - Eye of the Wind\",\"description\":\"Segelurlaub mit der Eye of the Wind: Segelt\u00f6rns zwischen Ostsee, Kanaren und Karibik. Jeder kann mitsegeln! Mehr zu Ihrer Segelreise.\",\"publisher\":{\"@id\":\"https:\\\/\\\/eyeofthewind.net\\\/#organization\"},\"potentialAction\":[{\"@type\":\"SearchAction\",\"target\":{\"@type\":\"EntryPoint\",\"urlTemplate\":\"https:\\\/\\\/eyeofthewind.net\\\/?s={search_term_string}\"},\"query-input\":{\"@type\":\"PropertyValueSpecification\",\"valueRequired\":true,\"valueName\":\"search_term_string\"}}],\"inLanguage\":\"en-GB\"},{\"@type\":\"Organization\",\"@id\":\"https:\\\/\\\/eyeofthewind.net\\\/#organization\",\"name\":\"Segelschiff Charter &amp; Reisen - Eye of the Wind\",\"url\":\"https:\\\/\\\/eyeofthewind.net\\\/\",\"logo\":{\"@type\":\"ImageObject\",\"inLanguage\":\"en-GB\",\"@id\":\"https:\\\/\\\/eyeofthewind.net\\\/#\\\/schema\\\/logo\\\/image\\\/\",\"url\":\"https:\\\/\\\/eyeofthewind.net\\\/wp-content\\\/uploads\\\/2024\\\/10\\\/L_Eye_weiss.svg\",\"contentUrl\":\"https:\\\/\\\/eyeofthewind.net\\\/wp-content\\\/uploads\\\/2024\\\/10\\\/L_Eye_weiss.svg\",\"width\":202,\"height\":123,\"caption\":\"Segelschiff Charter &amp; Reisen - Eye of the Wind\"},\"image\":{\"@id\":\"https:\\\/\\\/eyeofthewind.net\\\/#\\\/schema\\\/logo\\\/image\\\/\"}}]}<\/script>\n<!-- \/ Yoast SEO plugin. -->","yoast_head_json":{"title":"Kieler Woche: Day trip on the fjord - Sailing Ship Charter &amp; Travel - Eye of the Wind","description":"Kieler Woche: Day trip on the fjord. Baltic Sea sailing trip with the Eye of the Wind, starting and finishing harbour Kiel, incl. catering","robots":{"index":"index","follow":"follow","max-snippet":"max-snippet:-1","max-image-preview":"max-image-preview:large","max-video-preview":"max-video-preview:-1"},"canonical":"https:\/\/eyeofthewind.net\/en\/product\/kieler-woche-day-trip-on-the-foerde-copy\/","og_locale":"en_GB","og_type":"article","og_title":"Kieler Woche: Tagesfahrt auf der F\u00f6rde - Segelschiff Charter &amp; Reisen - Eye of the Wind","og_description":"Kieler Woche: Tagesfahrt auf der F\u00f6rde. Ostsee-Segelt\u00f6rn mit der Eye of the Wind, Start- und Zielhafen Kiel, inkl. Verpflegung","og_url":"https:\/\/eyeofthewind.net\/en\/product\/kieler-woche-day-trip-on-the-foerde-copy\/","og_site_name":"Segelschiff Charter &amp; Reisen - Eye of the Wind","article_modified_time":"2026-04-13T11:17:11+00:00","og_image":[{"width":1751,"height":1265,"url":"https:\/\/eyeofthewind.net\/wp-content\/uploads\/2025\/09\/Kieler_Woche_Icon.jpg","type":"image\/jpeg"}],"twitter_card":"summary_large_image","twitter_misc":{"Estimated reading time":"2 minutes"},"schema":{"@context":"https:\/\/schema.org","@graph":[{"@type":"WebPage","@id":"https:\/\/eyeofthewind.net\/produkt\/kieler-woche-tagesfahrt-auf-der-foerde-kopie\/","url":"https:\/\/eyeofthewind.net\/produkt\/kieler-woche-tagesfahrt-auf-der-foerde-kopie\/","name":"Kieler Woche: Day trip on the fjord - Sailing Ship Charter &amp; Travel - Eye of the Wind","isPartOf":{"@id":"https:\/\/eyeofthewind.net\/#website"},"primaryImageOfPage":{"@id":"https:\/\/eyeofthewind.net\/produkt\/kieler-woche-tagesfahrt-auf-der-foerde-kopie\/#primaryimage"},"image":{"@id":"https:\/\/eyeofthewind.net\/produkt\/kieler-woche-tagesfahrt-auf-der-foerde-kopie\/#primaryimage"},"thumbnailUrl":"https:\/\/eyeofthewind.net\/wp-content\/uploads\/2025\/09\/Kieler_Woche_Icon.jpg","datePublished":"2025-09-10T16:39:47+00:00","dateModified":"2026-04-13T11:17:11+00:00","description":"Kieler Woche: Day trip on the fjord. Baltic Sea sailing trip with the Eye of the Wind, starting and finishing harbour Kiel, incl. catering","breadcrumb":{"@id":"https:\/\/eyeofthewind.net\/produkt\/kieler-woche-tagesfahrt-auf-der-foerde-kopie\/#breadcrumb"},"inLanguage":"en-GB","potentialAction":[{"@type":"ReadAction","target":["https:\/\/eyeofthewind.net\/produkt\/kieler-woche-tagesfahrt-auf-der-foerde-kopie\/"]}]},{"@type":"ImageObject","inLanguage":"en-GB","@id":"https:\/\/eyeofthewind.net\/produkt\/kieler-woche-tagesfahrt-auf-der-foerde-kopie\/#primaryimage","url":"https:\/\/eyeofthewind.net\/wp-content\/uploads\/2025\/09\/Kieler_Woche_Icon.jpg","contentUrl":"https:\/\/eyeofthewind.net\/wp-content\/uploads\/2025\/09\/Kieler_Woche_Icon.jpg","width":1751,"height":1265,"caption":"Kieler Woche: Tagesfahrt auf der F\u00f6rde"},{"@type":"BreadcrumbList","@id":"https:\/\/eyeofthewind.net\/produkt\/kieler-woche-tagesfahrt-auf-der-foerde-kopie\/#breadcrumb","itemListElement":[{"@type":"ListItem","position":1,"name":"Startseite","item":"https:\/\/eyeofthewind.net\/"},{"@type":"ListItem","position":2,"name":"Shop","item":"https:\/\/eyeofthewind.net\/shop\/"},{"@type":"ListItem","position":3,"name":"Kieler Woche: Tagesfahrt auf der F\u00f6rde"}]},{"@type":"WebSite","@id":"https:\/\/eyeofthewind.net\/#website","url":"https:\/\/eyeofthewind.net\/","name":"Sailing Ship Charter &amp; Travelling - Eye of the Wind","description":"Sailing holidays with the Eye of the Wind: sailing trips between the Baltic Sea, Canary Islands and Caribbean. Anyone can sail with us! More about your sailing holiday.","publisher":{"@id":"https:\/\/eyeofthewind.net\/#organization"},"potentialAction":[{"@type":"SearchAction","target":{"@type":"EntryPoint","urlTemplate":"https:\/\/eyeofthewind.net\/?s={search_term_string}"},"query-input":{"@type":"PropertyValueSpecification","valueRequired":true,"valueName":"search_term_string"}}],"inLanguage":"en-GB"},{"@type":"Organization","@id":"https:\/\/eyeofthewind.net\/#organization","name":"Sailing Ship Charter &amp; Travelling - Eye of the Wind","url":"https:\/\/eyeofthewind.net\/","logo":{"@type":"ImageObject","inLanguage":"en-GB","@id":"https:\/\/eyeofthewind.net\/#\/schema\/logo\/image\/","url":"https:\/\/eyeofthewind.net\/wp-content\/uploads\/2024\/10\/L_Eye_weiss.svg","contentUrl":"https:\/\/eyeofthewind.net\/wp-content\/uploads\/2024\/10\/L_Eye_weiss.svg","width":202,"height":123,"caption":"Segelschiff Charter &amp; Reisen - Eye of the Wind"},"image":{"@id":"https:\/\/eyeofthewind.net\/#\/schema\/logo\/image\/"}}]}},"_links":{"self":[{"href":"https:\/\/eyeofthewind.net\/en\/wp-json\/wp\/v2\/product\/4505","targetHints":{"allow":["GET"]}}],"collection":[{"href":"https:\/\/eyeofthewind.net\/en\/wp-json\/wp\/v2\/product"}],"about":[{"href":"https:\/\/eyeofthewind.net\/en\/wp-json\/wp\/v2\/types\/product"}],"wp:featuredmedia":[{"embeddable":true,"href":"https:\/\/eyeofthewind.net\/en\/wp-json\/wp\/v2\/media\/4508"}],"wp:attachment":[{"href":"https:\/\/eyeofthewind.net\/en\/wp-json\/wp\/v2\/media?parent=4505"}],"wp:term":[{"taxonomy":"product_brand","embeddable":true,"href":"https:\/\/eyeofthewind.net\/en\/wp-json\/wp\/v2\/product_brand?post=4505"},{"taxonomy":"product_cat","embeddable":true,"href":"https:\/\/eyeofthewind.net\/en\/wp-json\/wp\/v2\/product_cat?post=4505"},{"taxonomy":"product_tag","embeddable":true,"href":"https:\/\/eyeofthewind.net\/en\/wp-json\/wp\/v2\/product_tag?post=4505"}],"curies":[{"name":"wp","href":"https:\/\/api.w.org\/{rel}","templated":true}]}}