{"id":6106,"date":"2026-02-27T10:46:56","date_gmt":"2026-02-27T09:46:56","guid":{"rendered":"https:\/\/eyeofthewind.net\/?post_type=product&#038;p=6106"},"modified":"2026-04-19T17:13:40","modified_gmt":"2026-04-19T15:13:40","slug":"end-of-the-sailing-season-in-schaerengarten-in-western-sweden","status":"publish","type":"product","link":"https:\/\/eyeofthewind.net\/en\/produkt\/abschluss-der-segelsaison-im-westschwedischen-schaerengarten\/","title":{"rendered":"End of the sailing season in the Swedish Archipelago"},"content":{"rendered":"<p class=\"translation-block\">At the end of this year's sailing season, we are visiting the <strong>western Swedish archipelago<\/strong> once again \u2013 considered by experienced sailors and Scandinavia enthusiasts to be perhaps the <strong>most beautiful sea area in the Baltic Sea<\/strong>. This <strong>\"maritime adventure playground\" off the coast of the Swedish provinces of V\u00e4sterg\u00f6tland and Bohusl\u00e4n<\/strong> offers diverse landscapes, good protection and, at times, a fairytale-like dreaminess. Outside the summer season, the landscape is particularly charming and the harbours, marinas and port towns are now less crowded with visitors. <strong>Join us on a special discovery tour<\/strong> and travel through this dreamlike landscape in an unusual yet pleasant and comfortable way: <strong>aboard a traditional tall ship<\/strong> that is over 100 years old!<\/p>\n<p class=\"translation-block\">The itinerary includes a return to Gothenburg on Thursday evening (22 October) or Friday morning (23 October). This gives you <strong>a full day to explore the city's sights<\/strong> without having to book an extra night in a hotel.<\/p>","protected":false},"excerpt":{"rendered":"<p>Zum Ende der diesj\u00e4hrigen Segelsaison besuchen wir noch einmal das Revier der westschwedischen Sch\u00e4ren \u2013 unter erfahrenen Seglern und Skandinavien-Enthusiasten gilt es als das vielleicht sch\u00f6nste Seegebiet der Ostsee. Landschaftlich vielf\u00e4ltig, gut gesch\u00fctzt, und bisweilen m\u00e4rchenhaft-vertr\u00e4umt pr\u00e4sentiert sich dieser \u201emaritime Abenteuerspielplatz\u201c vor der K\u00fcste der schwedischen Provinzen V\u00e4sterg\u00f6tland und Bohusl\u00e4n. Au\u00dferhalb der Sommersaison ist die [&hellip;]<\/p>\n","protected":false},"featured_media":6108,"template":"","meta":{"_acf_changed":false,"_vp_format_video_url":"","_vp_image_focal_point":[]},"product_brand":[],"product_cat":[15],"product_tag":[],"class_list":{"0":"post-6106","1":"product","2":"type-product","3":"status-publish","4":"has-post-thumbnail","6":"product_cat-unkategorisiert","8":"first","9":"instock","10":"featured","11":"virtual","12":"purchasable","13":"product-type-simple"},"acf":[],"yoast_head":"<!-- This site is optimized with the Yoast SEO plugin v27.4 - https:\/\/yoast.com\/product\/yoast-seo-wordpress\/ -->\n<title>Abschluss der Segelsaison im Westschwedischen Sch\u00e4rengarten - Segelschiff Charter &amp; Reisen - Eye of the Wind<\/title>\n<meta name=\"description\" content=\"Abschluss der Segelsaison im Westschwedischen Sch\u00e4rengarten: Segelt\u00f6rn auf der Ostsee mit der Eye of the Wind, Start- und Zielhafen G\u00f6teborg (Schweden)\" \/>\n<meta name=\"robots\" content=\"index, follow, max-snippet:-1, max-image-preview:large, max-video-preview:-1\" \/>\n<link rel=\"canonical\" href=\"https:\/\/eyeofthewind.net\/en\/product\/end-of-the-sailing-season-in-schaerengarten-in-western-sweden\/\" \/>\n<meta property=\"og:locale\" content=\"en_GB\" \/>\n<meta property=\"og:type\" content=\"article\" \/>\n<meta property=\"og:title\" content=\"Abschluss der Segelsaison im Westschwedischen Sch\u00e4rengarten - Segelschiff Charter &amp; Reisen - Eye of the Wind\" \/>\n<meta property=\"og:description\" content=\"Abschluss der Segelsaison im Westschwedischen Sch\u00e4rengarten: Segelt\u00f6rn auf der Ostsee mit der Eye of the Wind, Start- und Zielhafen G\u00f6teborg (Schweden)\" \/>\n<meta property=\"og:url\" content=\"https:\/\/eyeofthewind.net\/en\/product\/end-of-the-sailing-season-in-schaerengarten-in-western-sweden\/\" \/>\n<meta property=\"og:site_name\" content=\"Segelschiff Charter &amp; Reisen - Eye of the Wind\" \/>\n<meta property=\"article:modified_time\" content=\"2026-04-19T15:13:40+00:00\" \/>\n<meta property=\"og:image\" content=\"https:\/\/eyeofthewind.net\/wp-content\/uploads\/2026\/02\/DSC_4074_edited-scaled.jpg\" \/>\n\t<meta property=\"og:image:width\" content=\"2560\" \/>\n\t<meta property=\"og:image:height\" content=\"1709\" \/>\n\t<meta property=\"og:image:type\" content=\"image\/jpeg\" \/>\n<meta name=\"twitter:card\" content=\"summary_large_image\" \/>\n<meta name=\"twitter:label1\" content=\"Estimated reading time\" \/>\n\t<meta name=\"twitter:data1\" content=\"1 minute\" \/>\n<script type=\"application\/ld+json\" class=\"yoast-schema-graph\">{\"@context\":\"https:\\\/\\\/schema.org\",\"@graph\":[{\"@type\":\"WebPage\",\"@id\":\"https:\\\/\\\/eyeofthewind.net\\\/produkt\\\/abschluss-der-segelsaison-im-westschwedischen-schaerengarten\\\/\",\"url\":\"https:\\\/\\\/eyeofthewind.net\\\/produkt\\\/abschluss-der-segelsaison-im-westschwedischen-schaerengarten\\\/\",\"name\":\"Abschluss der Segelsaison im Westschwedischen Sch\u00e4rengarten - Segelschiff Charter &amp; Reisen - Eye of the Wind\",\"isPartOf\":{\"@id\":\"https:\\\/\\\/eyeofthewind.net\\\/#website\"},\"primaryImageOfPage\":{\"@id\":\"https:\\\/\\\/eyeofthewind.net\\\/produkt\\\/abschluss-der-segelsaison-im-westschwedischen-schaerengarten\\\/#primaryimage\"},\"image\":{\"@id\":\"https:\\\/\\\/eyeofthewind.net\\\/produkt\\\/abschluss-der-segelsaison-im-westschwedischen-schaerengarten\\\/#primaryimage\"},\"thumbnailUrl\":\"https:\\\/\\\/eyeofthewind.net\\\/wp-content\\\/uploads\\\/2026\\\/02\\\/DSC_4074_edited-scaled.jpg\",\"datePublished\":\"2026-02-27T09:46:56+00:00\",\"dateModified\":\"2026-04-19T15:13:40+00:00\",\"description\":\"Abschluss der Segelsaison im Westschwedischen Sch\u00e4rengarten: Segelt\u00f6rn auf der Ostsee mit der Eye of the Wind, Start- und Zielhafen G\u00f6teborg (Schweden)\",\"breadcrumb\":{\"@id\":\"https:\\\/\\\/eyeofthewind.net\\\/produkt\\\/abschluss-der-segelsaison-im-westschwedischen-schaerengarten\\\/#breadcrumb\"},\"inLanguage\":\"en-GB\",\"potentialAction\":[{\"@type\":\"ReadAction\",\"target\":[\"https:\\\/\\\/eyeofthewind.net\\\/produkt\\\/abschluss-der-segelsaison-im-westschwedischen-schaerengarten\\\/\"]}]},{\"@type\":\"ImageObject\",\"inLanguage\":\"en-GB\",\"@id\":\"https:\\\/\\\/eyeofthewind.net\\\/produkt\\\/abschluss-der-segelsaison-im-westschwedischen-schaerengarten\\\/#primaryimage\",\"url\":\"https:\\\/\\\/eyeofthewind.net\\\/wp-content\\\/uploads\\\/2026\\\/02\\\/DSC_4074_edited-scaled.jpg\",\"contentUrl\":\"https:\\\/\\\/eyeofthewind.net\\\/wp-content\\\/uploads\\\/2026\\\/02\\\/DSC_4074_edited-scaled.jpg\",\"width\":2560,\"height\":1709,\"caption\":\"Abschluss der Segelsaison im Westschwedischen Sch\u00e4rengarten\"},{\"@type\":\"BreadcrumbList\",\"@id\":\"https:\\\/\\\/eyeofthewind.net\\\/produkt\\\/abschluss-der-segelsaison-im-westschwedischen-schaerengarten\\\/#breadcrumb\",\"itemListElement\":[{\"@type\":\"ListItem\",\"position\":1,\"name\":\"Startseite\",\"item\":\"https:\\\/\\\/eyeofthewind.net\\\/\"},{\"@type\":\"ListItem\",\"position\":2,\"name\":\"Shop\",\"item\":\"https:\\\/\\\/eyeofthewind.net\\\/shop\\\/\"},{\"@type\":\"ListItem\",\"position\":3,\"name\":\"Abschluss der Segelsaison im Westschwedischen Sch\u00e4rengarten\"}]},{\"@type\":\"WebSite\",\"@id\":\"https:\\\/\\\/eyeofthewind.net\\\/#website\",\"url\":\"https:\\\/\\\/eyeofthewind.net\\\/\",\"name\":\"Segelschiff Charter &amp; Reisen - Eye of the Wind\",\"description\":\"Segelurlaub mit der Eye of the Wind: Segelt\u00f6rns zwischen Ostsee, Kanaren und Karibik. Jeder kann mitsegeln! Mehr zu Ihrer Segelreise.\",\"publisher\":{\"@id\":\"https:\\\/\\\/eyeofthewind.net\\\/#organization\"},\"potentialAction\":[{\"@type\":\"SearchAction\",\"target\":{\"@type\":\"EntryPoint\",\"urlTemplate\":\"https:\\\/\\\/eyeofthewind.net\\\/?s={search_term_string}\"},\"query-input\":{\"@type\":\"PropertyValueSpecification\",\"valueRequired\":true,\"valueName\":\"search_term_string\"}}],\"inLanguage\":\"en-GB\"},{\"@type\":\"Organization\",\"@id\":\"https:\\\/\\\/eyeofthewind.net\\\/#organization\",\"name\":\"Segelschiff Charter &amp; Reisen - Eye of the Wind\",\"url\":\"https:\\\/\\\/eyeofthewind.net\\\/\",\"logo\":{\"@type\":\"ImageObject\",\"inLanguage\":\"en-GB\",\"@id\":\"https:\\\/\\\/eyeofthewind.net\\\/#\\\/schema\\\/logo\\\/image\\\/\",\"url\":\"https:\\\/\\\/eyeofthewind.net\\\/wp-content\\\/uploads\\\/2024\\\/10\\\/L_Eye_weiss.svg\",\"contentUrl\":\"https:\\\/\\\/eyeofthewind.net\\\/wp-content\\\/uploads\\\/2024\\\/10\\\/L_Eye_weiss.svg\",\"width\":202,\"height\":123,\"caption\":\"Segelschiff Charter &amp; Reisen - Eye of the Wind\"},\"image\":{\"@id\":\"https:\\\/\\\/eyeofthewind.net\\\/#\\\/schema\\\/logo\\\/image\\\/\"}}]}<\/script>\n<!-- \/ Yoast SEO plugin. -->","yoast_head_json":{"title":"End of the sailing season in the Western Swedish Archipelago - Sailboat Charter &amp; Travel - Eye of the Wind","description":"End of the sailing season in the Western Swedish Archipelago: sailing trip on the Baltic Sea with the Eye of the Wind, starting and finishing harbour Gothenburg (Sweden)","robots":{"index":"index","follow":"follow","max-snippet":"max-snippet:-1","max-image-preview":"max-image-preview:large","max-video-preview":"max-video-preview:-1"},"canonical":"https:\/\/eyeofthewind.net\/en\/product\/end-of-the-sailing-season-in-schaerengarten-in-western-sweden\/","og_locale":"en_GB","og_type":"article","og_title":"Abschluss der Segelsaison im Westschwedischen Sch\u00e4rengarten - Segelschiff Charter &amp; Reisen - Eye of the Wind","og_description":"Abschluss der Segelsaison im Westschwedischen Sch\u00e4rengarten: Segelt\u00f6rn auf der Ostsee mit der Eye of the Wind, Start- und Zielhafen G\u00f6teborg (Schweden)","og_url":"https:\/\/eyeofthewind.net\/en\/product\/end-of-the-sailing-season-in-schaerengarten-in-western-sweden\/","og_site_name":"Segelschiff Charter &amp; Reisen - Eye of the Wind","article_modified_time":"2026-04-19T15:13:40+00:00","og_image":[{"width":2560,"height":1709,"url":"https:\/\/eyeofthewind.net\/wp-content\/uploads\/2026\/02\/DSC_4074_edited-scaled.jpg","type":"image\/jpeg"}],"twitter_card":"summary_large_image","twitter_misc":{"Estimated reading time":"1 minute"},"schema":{"@context":"https:\/\/schema.org","@graph":[{"@type":"WebPage","@id":"https:\/\/eyeofthewind.net\/produkt\/abschluss-der-segelsaison-im-westschwedischen-schaerengarten\/","url":"https:\/\/eyeofthewind.net\/produkt\/abschluss-der-segelsaison-im-westschwedischen-schaerengarten\/","name":"End of the sailing season in the Western Swedish Archipelago - Sailboat Charter &amp; Travel - Eye of the Wind","isPartOf":{"@id":"https:\/\/eyeofthewind.net\/#website"},"primaryImageOfPage":{"@id":"https:\/\/eyeofthewind.net\/produkt\/abschluss-der-segelsaison-im-westschwedischen-schaerengarten\/#primaryimage"},"image":{"@id":"https:\/\/eyeofthewind.net\/produkt\/abschluss-der-segelsaison-im-westschwedischen-schaerengarten\/#primaryimage"},"thumbnailUrl":"https:\/\/eyeofthewind.net\/wp-content\/uploads\/2026\/02\/DSC_4074_edited-scaled.jpg","datePublished":"2026-02-27T09:46:56+00:00","dateModified":"2026-04-19T15:13:40+00:00","description":"End of the sailing season in the Western Swedish Archipelago: sailing trip on the Baltic Sea with the Eye of the Wind, starting and finishing harbour Gothenburg (Sweden)","breadcrumb":{"@id":"https:\/\/eyeofthewind.net\/produkt\/abschluss-der-segelsaison-im-westschwedischen-schaerengarten\/#breadcrumb"},"inLanguage":"en-GB","potentialAction":[{"@type":"ReadAction","target":["https:\/\/eyeofthewind.net\/produkt\/abschluss-der-segelsaison-im-westschwedischen-schaerengarten\/"]}]},{"@type":"ImageObject","inLanguage":"en-GB","@id":"https:\/\/eyeofthewind.net\/produkt\/abschluss-der-segelsaison-im-westschwedischen-schaerengarten\/#primaryimage","url":"https:\/\/eyeofthewind.net\/wp-content\/uploads\/2026\/02\/DSC_4074_edited-scaled.jpg","contentUrl":"https:\/\/eyeofthewind.net\/wp-content\/uploads\/2026\/02\/DSC_4074_edited-scaled.jpg","width":2560,"height":1709,"caption":"Abschluss der Segelsaison im Westschwedischen Sch\u00e4rengarten"},{"@type":"BreadcrumbList","@id":"https:\/\/eyeofthewind.net\/produkt\/abschluss-der-segelsaison-im-westschwedischen-schaerengarten\/#breadcrumb","itemListElement":[{"@type":"ListItem","position":1,"name":"Startseite","item":"https:\/\/eyeofthewind.net\/"},{"@type":"ListItem","position":2,"name":"Shop","item":"https:\/\/eyeofthewind.net\/shop\/"},{"@type":"ListItem","position":3,"name":"Abschluss der Segelsaison im Westschwedischen Sch\u00e4rengarten"}]},{"@type":"WebSite","@id":"https:\/\/eyeofthewind.net\/#website","url":"https:\/\/eyeofthewind.net\/","name":"Sailing Ship Charter &amp; Travelling - Eye of the Wind","description":"Sailing holidays with the Eye of the Wind: sailing trips between the Baltic Sea, Canary Islands and Caribbean. Anyone can sail with us! More about your sailing holiday.","publisher":{"@id":"https:\/\/eyeofthewind.net\/#organization"},"potentialAction":[{"@type":"SearchAction","target":{"@type":"EntryPoint","urlTemplate":"https:\/\/eyeofthewind.net\/?s={search_term_string}"},"query-input":{"@type":"PropertyValueSpecification","valueRequired":true,"valueName":"search_term_string"}}],"inLanguage":"en-GB"},{"@type":"Organization","@id":"https:\/\/eyeofthewind.net\/#organization","name":"Sailing Ship Charter &amp; Travelling - Eye of the Wind","url":"https:\/\/eyeofthewind.net\/","logo":{"@type":"ImageObject","inLanguage":"en-GB","@id":"https:\/\/eyeofthewind.net\/#\/schema\/logo\/image\/","url":"https:\/\/eyeofthewind.net\/wp-content\/uploads\/2024\/10\/L_Eye_weiss.svg","contentUrl":"https:\/\/eyeofthewind.net\/wp-content\/uploads\/2024\/10\/L_Eye_weiss.svg","width":202,"height":123,"caption":"Segelschiff Charter &amp; Reisen - Eye of the Wind"},"image":{"@id":"https:\/\/eyeofthewind.net\/#\/schema\/logo\/image\/"}}]}},"_links":{"self":[{"href":"https:\/\/eyeofthewind.net\/en\/wp-json\/wp\/v2\/product\/6106","targetHints":{"allow":["GET"]}}],"collection":[{"href":"https:\/\/eyeofthewind.net\/en\/wp-json\/wp\/v2\/product"}],"about":[{"href":"https:\/\/eyeofthewind.net\/en\/wp-json\/wp\/v2\/types\/product"}],"wp:featuredmedia":[{"embeddable":true,"href":"https:\/\/eyeofthewind.net\/en\/wp-json\/wp\/v2\/media\/6108"}],"wp:attachment":[{"href":"https:\/\/eyeofthewind.net\/en\/wp-json\/wp\/v2\/media?parent=6106"}],"wp:term":[{"taxonomy":"product_brand","embeddable":true,"href":"https:\/\/eyeofthewind.net\/en\/wp-json\/wp\/v2\/product_brand?post=6106"},{"taxonomy":"product_cat","embeddable":true,"href":"https:\/\/eyeofthewind.net\/en\/wp-json\/wp\/v2\/product_cat?post=6106"},{"taxonomy":"product_tag","embeddable":true,"href":"https:\/\/eyeofthewind.net\/en\/wp-json\/wp\/v2\/product_tag?post=6106"}],"curies":[{"name":"wp","href":"https:\/\/api.w.org\/{rel}","templated":true}]}}