{"id":6170,"date":"2026-03-05T09:41:06","date_gmt":"2026-03-05T08:41:06","guid":{"rendered":"https:\/\/eyeofthewind.net\/?post_type=product&#038;p=6170"},"modified":"2026-04-16T10:05:08","modified_gmt":"2026-04-16T08:05:08","slug":"50-years-eye-of-the-wind-jubilaeumstoern","status":"publish","type":"product","link":"https:\/\/eyeofthewind.net\/en\/produkt\/50-jahre-eye-of-the-wind-jubilaeumstoern\/","title":{"rendered":"Anniversary sailing trip <br>50 years Eye of the Wind"},"content":{"rendered":"<p class=\"translation-block\"><strong>Fifty years ago<\/strong>, on 25 September 1976, our ship undertook its <strong>maiden voyage under its new name, Eye of the Wind<\/strong>, following extensive refurbishment work.<\/p>\n<p class=\"translation-block\">To mark this occasion, we would like to look back on five eventful decades of <a href=\"\/en\/ship\/history\/\" target=\"_self\">maritime history<\/a> during the voyage. In the evenings, some of the Hollywood films in which the Eye of the Wind was used as a backdrop will certainly be shown in the lower deck saloon \u2013 such as \"The Blue Lagoon\" (1980), \"The Island of Pirates\" (1983) or \"White Squall\" (1996) starring Oscar winner Jeff Bridges. And perhaps former crew members will even sign up for this trip to share their experiences and memories with the other guests \u2013 our crew would be delighted if they did.<\/p>\n<p class=\"translation-block\">During the trip, we would like to <strong>explore the tributaries of the Western Baltic Sea<\/strong> \u2013 the Kiel Fjord, Eckernf\u00f6rde Bay and the Baltic Sea fjord Schlei, and possibly also the Flensburg Fjord or Danish Als Fjord, depending on how the trip progresses. With <strong>a good balance between coastal sailing and sufficient time for shore leave in several ports along the route<\/strong>, this six-day taster trip is equally suitable for sailing beginners. The starting point and destination of the trip is the easily accessible Tiessenkai in Kiel-Holtenau \u2013 <strong>convenient arrival and departure at the same location<\/strong> is guaranteed.<\/p>\n<p class=\"translation-block\">By the way: the <strong>special price<\/strong> for this trip of <strong>1976 Euro<\/strong> is a nod to the year in which the Eye of the Wind got her current name, and as an anniversary price, it is below our usual calculation \u2013 our symbolic thank you to all crew members and fellow travellers who have contributed to the preservation of this beautiful ship over the past 50 years.<\/p>","protected":false},"excerpt":{"rendered":"<p>Vor 50 Jahren, am 25. September 1976, unternahm unser Schiff nach umfangreichen Umbauma\u00dfnahmen seine erste Fahrt unter dem neuen Namen Eye of the Wind. Aus diesem Anlass m\u00f6chten wir w\u00e4hrend des T\u00f6rns auf f\u00fcnf bewegte Jahrzehnte maritimer Geschichte zur\u00fcckblicken. Sicherlich werden in den Abendstunden im unteren Deckssalon einige der Hollywood-Filme gezeigt, in denen die Eye [&hellip;]<\/p>\n","protected":false},"featured_media":6173,"template":"","meta":{"_acf_changed":false,"_vp_format_video_url":"","_vp_image_focal_point":[]},"product_brand":[],"product_cat":[15],"product_tag":[],"class_list":{"0":"post-6170","1":"product","2":"type-product","3":"status-publish","4":"has-post-thumbnail","6":"product_cat-unkategorisiert","8":"first","9":"instock","10":"virtual","11":"taxable","12":"purchasable","13":"product-type-simple"},"acf":[],"yoast_head":"<!-- This site is optimized with the Yoast SEO plugin v27.4 - https:\/\/yoast.com\/product\/yoast-seo-wordpress\/ -->\n<title>Jubil\u00e4ums-Segelt\u00f6rn auf der Ostsee * 50 Jahre Eye of the Wind * - Segelschiff Charter &amp; Reisen - Eye of the Wind<\/title>\n<meta name=\"description\" content=\"50 Jahre Eye of the Wind Jubil\u00e4umst\u00f6rn: Segelreise in der Westlichen Ostsee mit dem Segelschiff Eye of the Wind, Start- und Zielhafen Kiel (Deutschland)\" \/>\n<meta name=\"robots\" content=\"index, follow, max-snippet:-1, max-image-preview:large, max-video-preview:-1\" \/>\n<link rel=\"canonical\" href=\"https:\/\/eyeofthewind.net\/en\/product\/50-years-eye-of-the-wind-jubilaeumstoern\/\" \/>\n<meta property=\"og:locale\" content=\"en_GB\" \/>\n<meta property=\"og:type\" content=\"article\" \/>\n<meta property=\"og:title\" content=\"Jubil\u00e4ums-Segelt\u00f6rn auf der Ostsee * 50 Jahre Eye of the Wind * - Segelschiff Charter &amp; Reisen - Eye of the Wind\" \/>\n<meta property=\"og:description\" content=\"50 Jahre Eye of the Wind Jubil\u00e4umst\u00f6rn: Segelreise in der Westlichen Ostsee mit dem Segelschiff Eye of the Wind, Start- und Zielhafen Kiel (Deutschland)\" \/>\n<meta property=\"og:url\" content=\"https:\/\/eyeofthewind.net\/en\/product\/50-years-eye-of-the-wind-jubilaeumstoern\/\" \/>\n<meta property=\"og:site_name\" content=\"Segelschiff Charter &amp; Reisen - Eye of the Wind\" \/>\n<meta property=\"article:modified_time\" content=\"2026-04-16T08:05:08+00:00\" \/>\n<meta property=\"og:image\" content=\"https:\/\/eyeofthewind.net\/wp-content\/uploads\/2026\/03\/50-Jahre-EotW-e1772699706298.jpg\" \/>\n\t<meta property=\"og:image:width\" content=\"953\" \/>\n\t<meta property=\"og:image:height\" content=\"768\" \/>\n\t<meta property=\"og:image:type\" content=\"image\/jpeg\" \/>\n<meta name=\"twitter:card\" content=\"summary_large_image\" \/>\n<meta name=\"twitter:label1\" content=\"Estimated reading time\" \/>\n\t<meta name=\"twitter:data1\" content=\"2 minutes\" \/>\n<script type=\"application\/ld+json\" class=\"yoast-schema-graph\">{\"@context\":\"https:\\\/\\\/schema.org\",\"@graph\":[{\"@type\":\"WebPage\",\"@id\":\"https:\\\/\\\/eyeofthewind.net\\\/produkt\\\/50-jahre-eye-of-the-wind-jubilaeumstoern\\\/\",\"url\":\"https:\\\/\\\/eyeofthewind.net\\\/produkt\\\/50-jahre-eye-of-the-wind-jubilaeumstoern\\\/\",\"name\":\"Jubil\u00e4ums-Segelt\u00f6rn auf der Ostsee * 50 Jahre Eye of the Wind * - Segelschiff Charter &amp; Reisen - Eye of the Wind\",\"isPartOf\":{\"@id\":\"https:\\\/\\\/eyeofthewind.net\\\/#website\"},\"primaryImageOfPage\":{\"@id\":\"https:\\\/\\\/eyeofthewind.net\\\/produkt\\\/50-jahre-eye-of-the-wind-jubilaeumstoern\\\/#primaryimage\"},\"image\":{\"@id\":\"https:\\\/\\\/eyeofthewind.net\\\/produkt\\\/50-jahre-eye-of-the-wind-jubilaeumstoern\\\/#primaryimage\"},\"thumbnailUrl\":\"https:\\\/\\\/eyeofthewind.net\\\/wp-content\\\/uploads\\\/2026\\\/03\\\/50-Jahre-EotW-e1772699706298.jpg\",\"datePublished\":\"2026-03-05T08:41:06+00:00\",\"dateModified\":\"2026-04-16T08:05:08+00:00\",\"description\":\"50 Jahre Eye of the Wind Jubil\u00e4umst\u00f6rn: Segelreise in der Westlichen Ostsee mit dem Segelschiff Eye of the Wind, Start- und Zielhafen Kiel (Deutschland)\",\"breadcrumb\":{\"@id\":\"https:\\\/\\\/eyeofthewind.net\\\/produkt\\\/50-jahre-eye-of-the-wind-jubilaeumstoern\\\/#breadcrumb\"},\"inLanguage\":\"en-GB\",\"potentialAction\":[{\"@type\":\"ReadAction\",\"target\":[\"https:\\\/\\\/eyeofthewind.net\\\/produkt\\\/50-jahre-eye-of-the-wind-jubilaeumstoern\\\/\"]}]},{\"@type\":\"ImageObject\",\"inLanguage\":\"en-GB\",\"@id\":\"https:\\\/\\\/eyeofthewind.net\\\/produkt\\\/50-jahre-eye-of-the-wind-jubilaeumstoern\\\/#primaryimage\",\"url\":\"https:\\\/\\\/eyeofthewind.net\\\/wp-content\\\/uploads\\\/2026\\\/03\\\/50-Jahre-EotW-e1772699706298.jpg\",\"contentUrl\":\"https:\\\/\\\/eyeofthewind.net\\\/wp-content\\\/uploads\\\/2026\\\/03\\\/50-Jahre-EotW-e1772699706298.jpg\",\"width\":953,\"height\":768,\"caption\":\"50 Jahre Eye of the Wind Jubil\u00e4umst\u00f6rn\"},{\"@type\":\"BreadcrumbList\",\"@id\":\"https:\\\/\\\/eyeofthewind.net\\\/produkt\\\/50-jahre-eye-of-the-wind-jubilaeumstoern\\\/#breadcrumb\",\"itemListElement\":[{\"@type\":\"ListItem\",\"position\":1,\"name\":\"Startseite\",\"item\":\"https:\\\/\\\/eyeofthewind.net\\\/\"},{\"@type\":\"ListItem\",\"position\":2,\"name\":\"Shop\",\"item\":\"https:\\\/\\\/eyeofthewind.net\\\/shop\\\/\"},{\"@type\":\"ListItem\",\"position\":3,\"name\":\"Jubil\u00e4ums-Segelt\u00f6rn auf der Ostsee * 50 Jahre Eye of the Wind *\"}]},{\"@type\":\"WebSite\",\"@id\":\"https:\\\/\\\/eyeofthewind.net\\\/#website\",\"url\":\"https:\\\/\\\/eyeofthewind.net\\\/\",\"name\":\"Segelschiff Charter &amp; Reisen - Eye of the Wind\",\"description\":\"Segelurlaub mit der Eye of the Wind: Segelt\u00f6rns zwischen Ostsee, Kanaren und Karibik. Jeder kann mitsegeln! Mehr zu Ihrer Segelreise.\",\"publisher\":{\"@id\":\"https:\\\/\\\/eyeofthewind.net\\\/#organization\"},\"potentialAction\":[{\"@type\":\"SearchAction\",\"target\":{\"@type\":\"EntryPoint\",\"urlTemplate\":\"https:\\\/\\\/eyeofthewind.net\\\/?s={search_term_string}\"},\"query-input\":{\"@type\":\"PropertyValueSpecification\",\"valueRequired\":true,\"valueName\":\"search_term_string\"}}],\"inLanguage\":\"en-GB\"},{\"@type\":\"Organization\",\"@id\":\"https:\\\/\\\/eyeofthewind.net\\\/#organization\",\"name\":\"Segelschiff Charter &amp; Reisen - Eye of the Wind\",\"url\":\"https:\\\/\\\/eyeofthewind.net\\\/\",\"logo\":{\"@type\":\"ImageObject\",\"inLanguage\":\"en-GB\",\"@id\":\"https:\\\/\\\/eyeofthewind.net\\\/#\\\/schema\\\/logo\\\/image\\\/\",\"url\":\"https:\\\/\\\/eyeofthewind.net\\\/wp-content\\\/uploads\\\/2024\\\/10\\\/L_Eye_weiss.svg\",\"contentUrl\":\"https:\\\/\\\/eyeofthewind.net\\\/wp-content\\\/uploads\\\/2024\\\/10\\\/L_Eye_weiss.svg\",\"width\":202,\"height\":123,\"caption\":\"Segelschiff Charter &amp; Reisen - Eye of the Wind\"},\"image\":{\"@id\":\"https:\\\/\\\/eyeofthewind.net\\\/#\\\/schema\\\/logo\\\/image\\\/\"}}]}<\/script>\n<!-- \/ Yoast SEO plugin. -->","yoast_head_json":{"title":"Anniversary sailing trip on the Baltic Sea * 50 years Eye of the Wind * - Segelschiff Charter &amp; Reisen - Eye of the Wind","description":"50 years Eye of the Wind anniversary cruise: Sailing trip in the Western Baltic Sea with the sailing ship Eye of the Wind, starting and finishing harbour Kiel (Germany)","robots":{"index":"index","follow":"follow","max-snippet":"max-snippet:-1","max-image-preview":"max-image-preview:large","max-video-preview":"max-video-preview:-1"},"canonical":"https:\/\/eyeofthewind.net\/en\/product\/50-years-eye-of-the-wind-jubilaeumstoern\/","og_locale":"en_GB","og_type":"article","og_title":"Jubil\u00e4ums-Segelt\u00f6rn auf der Ostsee * 50 Jahre Eye of the Wind * - Segelschiff Charter &amp; Reisen - Eye of the Wind","og_description":"50 Jahre Eye of the Wind Jubil\u00e4umst\u00f6rn: Segelreise in der Westlichen Ostsee mit dem Segelschiff Eye of the Wind, Start- und Zielhafen Kiel (Deutschland)","og_url":"https:\/\/eyeofthewind.net\/en\/product\/50-years-eye-of-the-wind-jubilaeumstoern\/","og_site_name":"Segelschiff Charter &amp; Reisen - Eye of the Wind","article_modified_time":"2026-04-16T08:05:08+00:00","og_image":[{"width":953,"height":768,"url":"https:\/\/eyeofthewind.net\/wp-content\/uploads\/2026\/03\/50-Jahre-EotW-e1772699706298.jpg","type":"image\/jpeg"}],"twitter_card":"summary_large_image","twitter_misc":{"Estimated reading time":"2 minutes"},"schema":{"@context":"https:\/\/schema.org","@graph":[{"@type":"WebPage","@id":"https:\/\/eyeofthewind.net\/produkt\/50-jahre-eye-of-the-wind-jubilaeumstoern\/","url":"https:\/\/eyeofthewind.net\/produkt\/50-jahre-eye-of-the-wind-jubilaeumstoern\/","name":"Anniversary sailing trip on the Baltic Sea * 50 years Eye of the Wind * - Segelschiff Charter &amp; Reisen - Eye of the Wind","isPartOf":{"@id":"https:\/\/eyeofthewind.net\/#website"},"primaryImageOfPage":{"@id":"https:\/\/eyeofthewind.net\/produkt\/50-jahre-eye-of-the-wind-jubilaeumstoern\/#primaryimage"},"image":{"@id":"https:\/\/eyeofthewind.net\/produkt\/50-jahre-eye-of-the-wind-jubilaeumstoern\/#primaryimage"},"thumbnailUrl":"https:\/\/eyeofthewind.net\/wp-content\/uploads\/2026\/03\/50-Jahre-EotW-e1772699706298.jpg","datePublished":"2026-03-05T08:41:06+00:00","dateModified":"2026-04-16T08:05:08+00:00","description":"50 years Eye of the Wind anniversary cruise: Sailing trip in the Western Baltic Sea with the sailing ship Eye of the Wind, starting and finishing harbour Kiel (Germany)","breadcrumb":{"@id":"https:\/\/eyeofthewind.net\/produkt\/50-jahre-eye-of-the-wind-jubilaeumstoern\/#breadcrumb"},"inLanguage":"en-GB","potentialAction":[{"@type":"ReadAction","target":["https:\/\/eyeofthewind.net\/produkt\/50-jahre-eye-of-the-wind-jubilaeumstoern\/"]}]},{"@type":"ImageObject","inLanguage":"en-GB","@id":"https:\/\/eyeofthewind.net\/produkt\/50-jahre-eye-of-the-wind-jubilaeumstoern\/#primaryimage","url":"https:\/\/eyeofthewind.net\/wp-content\/uploads\/2026\/03\/50-Jahre-EotW-e1772699706298.jpg","contentUrl":"https:\/\/eyeofthewind.net\/wp-content\/uploads\/2026\/03\/50-Jahre-EotW-e1772699706298.jpg","width":953,"height":768,"caption":"50 Jahre Eye of the Wind Jubil\u00e4umst\u00f6rn"},{"@type":"BreadcrumbList","@id":"https:\/\/eyeofthewind.net\/produkt\/50-jahre-eye-of-the-wind-jubilaeumstoern\/#breadcrumb","itemListElement":[{"@type":"ListItem","position":1,"name":"Startseite","item":"https:\/\/eyeofthewind.net\/"},{"@type":"ListItem","position":2,"name":"Shop","item":"https:\/\/eyeofthewind.net\/shop\/"},{"@type":"ListItem","position":3,"name":"Jubil\u00e4ums-Segelt\u00f6rn auf der Ostsee * 50 Jahre Eye of the Wind *"}]},{"@type":"WebSite","@id":"https:\/\/eyeofthewind.net\/#website","url":"https:\/\/eyeofthewind.net\/","name":"Sailing Ship Charter &amp; Travelling - Eye of the Wind","description":"Sailing holidays with the Eye of the Wind: sailing trips between the Baltic Sea, Canary Islands and Caribbean. Anyone can sail with us! More about your sailing holiday.","publisher":{"@id":"https:\/\/eyeofthewind.net\/#organization"},"potentialAction":[{"@type":"SearchAction","target":{"@type":"EntryPoint","urlTemplate":"https:\/\/eyeofthewind.net\/?s={search_term_string}"},"query-input":{"@type":"PropertyValueSpecification","valueRequired":true,"valueName":"search_term_string"}}],"inLanguage":"en-GB"},{"@type":"Organization","@id":"https:\/\/eyeofthewind.net\/#organization","name":"Sailing Ship Charter &amp; Travelling - Eye of the Wind","url":"https:\/\/eyeofthewind.net\/","logo":{"@type":"ImageObject","inLanguage":"en-GB","@id":"https:\/\/eyeofthewind.net\/#\/schema\/logo\/image\/","url":"https:\/\/eyeofthewind.net\/wp-content\/uploads\/2024\/10\/L_Eye_weiss.svg","contentUrl":"https:\/\/eyeofthewind.net\/wp-content\/uploads\/2024\/10\/L_Eye_weiss.svg","width":202,"height":123,"caption":"Segelschiff Charter &amp; Reisen - Eye of the Wind"},"image":{"@id":"https:\/\/eyeofthewind.net\/#\/schema\/logo\/image\/"}}]}},"_links":{"self":[{"href":"https:\/\/eyeofthewind.net\/en\/wp-json\/wp\/v2\/product\/6170","targetHints":{"allow":["GET"]}}],"collection":[{"href":"https:\/\/eyeofthewind.net\/en\/wp-json\/wp\/v2\/product"}],"about":[{"href":"https:\/\/eyeofthewind.net\/en\/wp-json\/wp\/v2\/types\/product"}],"wp:featuredmedia":[{"embeddable":true,"href":"https:\/\/eyeofthewind.net\/en\/wp-json\/wp\/v2\/media\/6173"}],"wp:attachment":[{"href":"https:\/\/eyeofthewind.net\/en\/wp-json\/wp\/v2\/media?parent=6170"}],"wp:term":[{"taxonomy":"product_brand","embeddable":true,"href":"https:\/\/eyeofthewind.net\/en\/wp-json\/wp\/v2\/product_brand?post=6170"},{"taxonomy":"product_cat","embeddable":true,"href":"https:\/\/eyeofthewind.net\/en\/wp-json\/wp\/v2\/product_cat?post=6170"},{"taxonomy":"product_tag","embeddable":true,"href":"https:\/\/eyeofthewind.net\/en\/wp-json\/wp\/v2\/product_tag?post=6170"}],"curies":[{"name":"wp","href":"https:\/\/api.w.org\/{rel}","templated":true}]}}