{"id":7846,"date":"2026-08-31T12:57:33","date_gmt":"2026-08-31T10:57:33","guid":{"rendered":"https:\/\/eyeofthewind.net\/?post_type=product&#038;p=7846"},"modified":"2026-08-31T13:06:18","modified_gmt":"2026-08-31T11:06:18","slug":"schnuppertoern-luebecker-bucht-und-wismarbucht-2","status":"publish","type":"product","link":"https:\/\/eyeofthewind.net\/en\/produkt\/schnuppertoern-luebecker-bucht-und-wismarbucht-2\/","title":{"rendered":"Taster trip: L\u00fcbeck Bay and Wismar Bay"},"content":{"rendered":"<p class=\"translation-block\">This <strong>short sailing trip<\/strong> is an excellent way to <strong>get a taste of traditional sailing<\/strong>! From our mooring in <strong>L\u00fcbeck-Travem\u00fcnde <\/strong>, we\u2019ll sail out into L\u00fcbeck Bay. A <strong>port on the sunny island of Fehmarn or the Hanseatic city of Wismar<\/strong> is planned as a possible <strong>stopover and turning point<\/strong>. Even in the few days you spend on board, you\u2019ll enjoy the comfort and the excellent cuisine, <strong>experience genuine traditional seafaring skills<\/strong> and discover how it feels <strong>to go ashore in the evening after a day at sea<\/strong>.<\/p>\n<p><strong>Good reasons to join this sailing trip<\/strong><\/p>\n<ul>\n<li>Balanced ratio between sailing time at sea and shore leave<\/li>\n<li>Suitable for beginners: Coastal sailing in the Western Baltic Sea region<\/li>\n<li>Experience the most beautiful spots in L\u00fcbeck Bay and Wismar Bay from the water<\/li>\n<li>Active sailing on a windjammer that\u2019s over 100 years old \u2013 you\u2019re welcome to join in!<\/li>\n<li>Excellent onboard cuisine with delicious meals from morning to evening<\/li>\n<li>Convenient arrival and departure: port of departure and arrival: L\u00fcbeck-Travem\u00fcnde<\/li>\n<li>Our friendly and experienced crew know this region from many previous trips<\/li>\n<\/ul>","protected":false},"excerpt":{"rendered":"<p>Dieser Kurzt\u00f6rn eignet sich hervorragend dazu, in die traditionelle Seefahrt unter Segeln einmal hinein zu schnuppern! Von unserem Liegeplatz in L\u00fcbeck-Travem\u00fcnde aus segeln wir hinein in die L\u00fcbecker Bucht. Als m\u00f6glicher Zwischenstopp und Wendepunkt ist ein Hafenort auf der Sonneninsel Fehmarn oder die Hansestadt Wismar vorgesehen. Auch in den wenigen Tagen an Bord werden Sie [&hellip;]<\/p>\n","protected":false},"featured_media":7861,"template":"","meta":{"_acf_changed":false,"_vp_format_video_url":"","_vp_image_focal_point":[]},"product_brand":[],"product_cat":[15],"product_tag":[],"class_list":["post-7846","product","type-product","status-publish","has-post-thumbnail","product_cat-unkategorisiert","first","instock","featured","taxable","shipping-taxable","purchasable","product-type-variable","has-default-attributes"],"acf":[],"yoast_head":"<!-- This site is optimized with the Yoast SEO plugin v28.1 - https:\/\/yoast.com\/product\/yoast-seo-wordpress\/ -->\n<title>Schnuppert\u00f6rn: L\u00fcbecker Bucht und Wismarbucht - Segelschiff Charter &amp; Reisen - Eye of the Wind<\/title>\n<meta name=\"description\" content=\"Schnuppert\u00f6rn: L\u00fcbecker Bucht und Wismarbucht. Segelt\u00f6rn auf der Ostsee. Mitsegeln auf der Eye of the Wind, inkl. Verpflegung.\" \/>\n<meta name=\"robots\" content=\"index, follow, max-snippet:-1, max-image-preview:large, max-video-preview:-1\" \/>\n<link rel=\"canonical\" href=\"https:\/\/eyeofthewind.net\/en\/product\/schnuppertoern-luebecker-bucht-und-wismarbucht-2\/\" \/>\n<meta property=\"og:locale\" content=\"en_GB\" \/>\n<meta property=\"og:type\" content=\"article\" \/>\n<meta property=\"og:title\" content=\"Schnuppert\u00f6rn: L\u00fcbecker Bucht und Wismarbucht - Segelschiff Charter &amp; Reisen - Eye of the Wind\" \/>\n<meta property=\"og:description\" content=\"Schnuppert\u00f6rn: L\u00fcbecker Bucht und Wismarbucht. Segelt\u00f6rn auf der Ostsee. Mitsegeln auf der Eye of the Wind, inkl. Verpflegung.\" \/>\n<meta property=\"og:url\" content=\"https:\/\/eyeofthewind.net\/en\/product\/schnuppertoern-luebecker-bucht-und-wismarbucht-2\/\" \/>\n<meta property=\"og:site_name\" content=\"Segelschiff Charter &amp; Reisen - Eye of the Wind\" \/>\n<meta property=\"article:modified_time\" content=\"2026-08-31T11:06:18+00:00\" \/>\n<meta property=\"og:image\" content=\"https:\/\/eyeofthewind.net\/wp-content\/uploads\/2026\/08\/DSC9994-e1788173997357.jpg\" \/>\n\t<meta property=\"og:image:width\" content=\"854\" \/>\n\t<meta property=\"og:image:height\" content=\"1047\" \/>\n\t<meta property=\"og:image:type\" content=\"image\/jpeg\" \/>\n<meta name=\"twitter:card\" content=\"summary_large_image\" \/>\n<meta name=\"twitter:label1\" content=\"Estimated reading time\" \/>\n\t<meta name=\"twitter:data1\" content=\"2 minutes\" \/>\n<script type=\"application\/ld+json\" class=\"yoast-schema-graph\">{\"@context\":\"https:\\\/\\\/schema.org\",\"@graph\":[{\"@type\":\"WebPage\",\"@id\":\"https:\\\/\\\/eyeofthewind.net\\\/produkt\\\/schnuppertoern-luebecker-bucht-und-wismarbucht-2\\\/\",\"url\":\"https:\\\/\\\/eyeofthewind.net\\\/produkt\\\/schnuppertoern-luebecker-bucht-und-wismarbucht-2\\\/\",\"name\":\"Schnuppert\u00f6rn: L\u00fcbecker Bucht und Wismarbucht - Segelschiff Charter &amp; Reisen - Eye of the Wind\",\"isPartOf\":{\"@id\":\"https:\\\/\\\/eyeofthewind.net\\\/#website\"},\"primaryImageOfPage\":{\"@id\":\"https:\\\/\\\/eyeofthewind.net\\\/produkt\\\/schnuppertoern-luebecker-bucht-und-wismarbucht-2\\\/#primaryimage\"},\"image\":{\"@id\":\"https:\\\/\\\/eyeofthewind.net\\\/produkt\\\/schnuppertoern-luebecker-bucht-und-wismarbucht-2\\\/#primaryimage\"},\"thumbnailUrl\":\"https:\\\/\\\/eyeofthewind.net\\\/wp-content\\\/uploads\\\/2026\\\/08\\\/DSC9994-e1788173997357.jpg\",\"datePublished\":\"2026-08-31T10:57:33+00:00\",\"dateModified\":\"2026-08-31T11:06:18+00:00\",\"description\":\"Schnuppert\u00f6rn: L\u00fcbecker Bucht und Wismarbucht. Segelt\u00f6rn auf der Ostsee. Mitsegeln auf der Eye of the Wind, inkl. Verpflegung.\",\"breadcrumb\":{\"@id\":\"https:\\\/\\\/eyeofthewind.net\\\/produkt\\\/schnuppertoern-luebecker-bucht-und-wismarbucht-2\\\/#breadcrumb\"},\"inLanguage\":\"en-GB\",\"potentialAction\":[{\"@type\":\"ReadAction\",\"target\":[\"https:\\\/\\\/eyeofthewind.net\\\/produkt\\\/schnuppertoern-luebecker-bucht-und-wismarbucht-2\\\/\"]}]},{\"@type\":\"ImageObject\",\"inLanguage\":\"en-GB\",\"@id\":\"https:\\\/\\\/eyeofthewind.net\\\/produkt\\\/schnuppertoern-luebecker-bucht-und-wismarbucht-2\\\/#primaryimage\",\"url\":\"https:\\\/\\\/eyeofthewind.net\\\/wp-content\\\/uploads\\\/2026\\\/08\\\/DSC9994-e1788173997357.jpg\",\"contentUrl\":\"https:\\\/\\\/eyeofthewind.net\\\/wp-content\\\/uploads\\\/2026\\\/08\\\/DSC9994-e1788173997357.jpg\",\"width\":854,\"height\":1047,\"caption\":\"Schnuppert\u00f6rn: L\u00fcbecker Bucht und Wismarbucht\"},{\"@type\":\"BreadcrumbList\",\"@id\":\"https:\\\/\\\/eyeofthewind.net\\\/produkt\\\/schnuppertoern-luebecker-bucht-und-wismarbucht-2\\\/#breadcrumb\",\"itemListElement\":[{\"@type\":\"ListItem\",\"position\":1,\"name\":\"Startseite\",\"item\":\"https:\\\/\\\/eyeofthewind.net\\\/\"},{\"@type\":\"ListItem\",\"position\":2,\"name\":\"Shop\",\"item\":\"https:\\\/\\\/eyeofthewind.net\\\/shop\\\/\"},{\"@type\":\"ListItem\",\"position\":3,\"name\":\"Schnuppert\u00f6rn: L\u00fcbecker Bucht und Wismarbucht\"}]},{\"@type\":\"WebSite\",\"@id\":\"https:\\\/\\\/eyeofthewind.net\\\/#website\",\"url\":\"https:\\\/\\\/eyeofthewind.net\\\/\",\"name\":\"Segelschiff Charter &amp; Reisen - Eye of the Wind\",\"description\":\"Segelurlaub mit der Eye of the Wind: Segelt\u00f6rns zwischen Ostsee, Kanaren und Karibik. Jeder kann mitsegeln! Mehr zu Ihrer Segelreise.\",\"publisher\":{\"@id\":\"https:\\\/\\\/eyeofthewind.net\\\/#organization\"},\"potentialAction\":[{\"@type\":\"SearchAction\",\"target\":{\"@type\":\"EntryPoint\",\"urlTemplate\":\"https:\\\/\\\/eyeofthewind.net\\\/?s={search_term_string}\"},\"query-input\":{\"@type\":\"PropertyValueSpecification\",\"valueRequired\":true,\"valueName\":\"search_term_string\"}}],\"inLanguage\":\"en-GB\"},{\"@type\":\"Organization\",\"@id\":\"https:\\\/\\\/eyeofthewind.net\\\/#organization\",\"name\":\"Segelschiff Charter &amp; Reisen - Eye of the Wind\",\"url\":\"https:\\\/\\\/eyeofthewind.net\\\/\",\"logo\":{\"@type\":\"ImageObject\",\"inLanguage\":\"en-GB\",\"@id\":\"https:\\\/\\\/eyeofthewind.net\\\/#\\\/schema\\\/logo\\\/image\\\/\",\"url\":\"https:\\\/\\\/eyeofthewind.net\\\/wp-content\\\/uploads\\\/2024\\\/10\\\/L_Eye_weiss.svg\",\"contentUrl\":\"https:\\\/\\\/eyeofthewind.net\\\/wp-content\\\/uploads\\\/2024\\\/10\\\/L_Eye_weiss.svg\",\"width\":202,\"height\":123,\"caption\":\"Segelschiff Charter &amp; Reisen - Eye of the Wind\"},\"image\":{\"@id\":\"https:\\\/\\\/eyeofthewind.net\\\/#\\\/schema\\\/logo\\\/image\\\/\"}}]}<\/script>\n<!-- \/ Yoast SEO plugin. -->","yoast_head_json":{"title":"Schnuppert\u00f6rn: L\u00fcbecker Bucht und Wismarbucht - Segelschiff Charter &amp; Reisen - Eye of the Wind","description":"Schnuppert\u00f6rn: L\u00fcbecker Bucht und Wismarbucht. Segelt\u00f6rn auf der Ostsee. Mitsegeln auf der Eye of the Wind, inkl. Verpflegung.","robots":{"index":"index","follow":"follow","max-snippet":"max-snippet:-1","max-image-preview":"max-image-preview:large","max-video-preview":"max-video-preview:-1"},"canonical":"https:\/\/eyeofthewind.net\/en\/product\/schnuppertoern-luebecker-bucht-und-wismarbucht-2\/","og_locale":"en_GB","og_type":"article","og_title":"Schnuppert\u00f6rn: L\u00fcbecker Bucht und Wismarbucht - Segelschiff Charter &amp; Reisen - Eye of the Wind","og_description":"Schnuppert\u00f6rn: L\u00fcbecker Bucht und Wismarbucht. Segelt\u00f6rn auf der Ostsee. Mitsegeln auf der Eye of the Wind, inkl. Verpflegung.","og_url":"https:\/\/eyeofthewind.net\/en\/product\/schnuppertoern-luebecker-bucht-und-wismarbucht-2\/","og_site_name":"Segelschiff Charter &amp; Reisen - Eye of the Wind","article_modified_time":"2026-08-31T11:06:18+00:00","og_image":[{"width":854,"height":1047,"url":"https:\/\/eyeofthewind.net\/wp-content\/uploads\/2026\/08\/DSC9994-e1788173997357.jpg","type":"image\/jpeg"}],"twitter_card":"summary_large_image","twitter_misc":{"Estimated reading time":"2 minutes"},"schema":{"@context":"https:\/\/schema.org","@graph":[{"@type":"WebPage","@id":"https:\/\/eyeofthewind.net\/produkt\/schnuppertoern-luebecker-bucht-und-wismarbucht-2\/","url":"https:\/\/eyeofthewind.net\/produkt\/schnuppertoern-luebecker-bucht-und-wismarbucht-2\/","name":"Schnuppert\u00f6rn: L\u00fcbecker Bucht und Wismarbucht - Segelschiff Charter &amp; Reisen - Eye of the Wind","isPartOf":{"@id":"https:\/\/eyeofthewind.net\/#website"},"primaryImageOfPage":{"@id":"https:\/\/eyeofthewind.net\/produkt\/schnuppertoern-luebecker-bucht-und-wismarbucht-2\/#primaryimage"},"image":{"@id":"https:\/\/eyeofthewind.net\/produkt\/schnuppertoern-luebecker-bucht-und-wismarbucht-2\/#primaryimage"},"thumbnailUrl":"https:\/\/eyeofthewind.net\/wp-content\/uploads\/2026\/08\/DSC9994-e1788173997357.jpg","datePublished":"2026-08-31T10:57:33+00:00","dateModified":"2026-08-31T11:06:18+00:00","description":"Schnuppert\u00f6rn: L\u00fcbecker Bucht und Wismarbucht. Segelt\u00f6rn auf der Ostsee. Mitsegeln auf der Eye of the Wind, inkl. Verpflegung.","breadcrumb":{"@id":"https:\/\/eyeofthewind.net\/produkt\/schnuppertoern-luebecker-bucht-und-wismarbucht-2\/#breadcrumb"},"inLanguage":"en-GB","potentialAction":[{"@type":"ReadAction","target":["https:\/\/eyeofthewind.net\/produkt\/schnuppertoern-luebecker-bucht-und-wismarbucht-2\/"]}]},{"@type":"ImageObject","inLanguage":"en-GB","@id":"https:\/\/eyeofthewind.net\/produkt\/schnuppertoern-luebecker-bucht-und-wismarbucht-2\/#primaryimage","url":"https:\/\/eyeofthewind.net\/wp-content\/uploads\/2026\/08\/DSC9994-e1788173997357.jpg","contentUrl":"https:\/\/eyeofthewind.net\/wp-content\/uploads\/2026\/08\/DSC9994-e1788173997357.jpg","width":854,"height":1047,"caption":"Schnuppert\u00f6rn: L\u00fcbecker Bucht und Wismarbucht"},{"@type":"BreadcrumbList","@id":"https:\/\/eyeofthewind.net\/produkt\/schnuppertoern-luebecker-bucht-und-wismarbucht-2\/#breadcrumb","itemListElement":[{"@type":"ListItem","position":1,"name":"Startseite","item":"https:\/\/eyeofthewind.net\/"},{"@type":"ListItem","position":2,"name":"Shop","item":"https:\/\/eyeofthewind.net\/shop\/"},{"@type":"ListItem","position":3,"name":"Schnuppert\u00f6rn: L\u00fcbecker Bucht und Wismarbucht"}]},{"@type":"WebSite","@id":"https:\/\/eyeofthewind.net\/#website","url":"https:\/\/eyeofthewind.net\/","name":"Sailing Ship Charter &amp; Travelling - Eye of the Wind","description":"Sailing holidays with the Eye of the Wind: sailing trips between the Baltic Sea, Canary Islands and Caribbean. Anyone can sail with us! More about your sailing holiday.","publisher":{"@id":"https:\/\/eyeofthewind.net\/#organization"},"potentialAction":[{"@type":"SearchAction","target":{"@type":"EntryPoint","urlTemplate":"https:\/\/eyeofthewind.net\/?s={search_term_string}"},"query-input":{"@type":"PropertyValueSpecification","valueRequired":true,"valueName":"search_term_string"}}],"inLanguage":"en-GB"},{"@type":"Organization","@id":"https:\/\/eyeofthewind.net\/#organization","name":"Sailing Ship Charter &amp; Travelling - Eye of the Wind","url":"https:\/\/eyeofthewind.net\/","logo":{"@type":"ImageObject","inLanguage":"en-GB","@id":"https:\/\/eyeofthewind.net\/#\/schema\/logo\/image\/","url":"https:\/\/eyeofthewind.net\/wp-content\/uploads\/2024\/10\/L_Eye_weiss.svg","contentUrl":"https:\/\/eyeofthewind.net\/wp-content\/uploads\/2024\/10\/L_Eye_weiss.svg","width":202,"height":123,"caption":"Segelschiff Charter &amp; Reisen - Eye of the Wind"},"image":{"@id":"https:\/\/eyeofthewind.net\/#\/schema\/logo\/image\/"}}]}},"_links":{"self":[{"href":"https:\/\/eyeofthewind.net\/en\/wp-json\/wp\/v2\/product\/7846","targetHints":{"allow":["GET"]}}],"collection":[{"href":"https:\/\/eyeofthewind.net\/en\/wp-json\/wp\/v2\/product"}],"about":[{"href":"https:\/\/eyeofthewind.net\/en\/wp-json\/wp\/v2\/types\/product"}],"wp:featuredmedia":[{"embeddable":true,"href":"https:\/\/eyeofthewind.net\/en\/wp-json\/wp\/v2\/media\/7861"}],"wp:attachment":[{"href":"https:\/\/eyeofthewind.net\/en\/wp-json\/wp\/v2\/media?parent=7846"}],"wp:term":[{"taxonomy":"product_brand","embeddable":true,"href":"https:\/\/eyeofthewind.net\/en\/wp-json\/wp\/v2\/product_brand?post=7846"},{"taxonomy":"product_cat","embeddable":true,"href":"https:\/\/eyeofthewind.net\/en\/wp-json\/wp\/v2\/product_cat?post=7846"},{"taxonomy":"product_tag","embeddable":true,"href":"https:\/\/eyeofthewind.net\/en\/wp-json\/wp\/v2\/product_tag?post=7846"}],"curies":[{"name":"wp","href":"https:\/\/api.w.org\/{rel}","templated":true}]}}